{"id":95,"date":"2022-07-21T14:24:07","date_gmt":"2022-07-21T12:24:07","guid":{"rendered":"https:\/\/ecolesaintetherese-sodt.fr\/?page_id=95"},"modified":"2026-01-20T15:54:38","modified_gmt":"2026-01-20T14:54:38","slug":"petite-et-moyenne-section","status":"publish","type":"page","link":"https:\/\/ecolesaintetherese-sodt.fr\/index.php\/petite-et-moyenne-section\/","title":{"rendered":"Petite, moyenne et grande section"},"content":{"rendered":"\n<p>Les \u00e9l\u00e8ves de petite, moyenne et grande section \u00e9voluent \u00e0 leur rythme tout au long du cycle 1. Le bien-\u00eatre de l&rsquo;enfant est la priorit\u00e9. Les apprentissages n&rsquo;en sont que plus porteurs. Les ateliers propos\u00e9s sont vari\u00e9s et permettent de d\u00e9velopper des comp\u00e9tences individuelles motrices, langagi\u00e8res, logico-math\u00e9matiques ainsi que le savoir-vivre en groupe. L&rsquo;enseignante ayant v\u00e9cu dans divers pays anglophones (Australie, Angleterre, Canada, Irlande\u2026), elle permet aux enfants un \u00e9veil linguistique d\u00e8s la petite section.<\/p>\n\n\n\n<div class=\"wp-block-columns is-layout-flex wp-container-core-columns-is-layout-9d6595d7 wp-block-columns-is-layout-flex\">\n<div class=\"wp-block-column is-layout-flow wp-block-column-is-layout-flow\" style=\"flex-basis:100%\">\n<div class=\"wp-block-jetpack-tiled-gallery aligncenter is-style-rectangular\"><div class=\"tiled-gallery__gallery\"><div class=\"tiled-gallery__row\"><div class=\"tiled-gallery__col\" style=\"flex-basis:38.94985%\"><figure class=\"tiled-gallery__item\"><img decoding=\"async\" srcset=\"https:\/\/i2.wp.com\/ecolesaintetherese-sodt.fr\/wp-content\/uploads\/2025\/03\/1741442718362-1-1024x769.jpg?strip=info&#038;w=600&#038;ssl=1 600w,https:\/\/i2.wp.com\/ecolesaintetherese-sodt.fr\/wp-content\/uploads\/2025\/03\/1741442718362-1-1024x769.jpg?strip=info&#038;w=900&#038;ssl=1 900w,https:\/\/i2.wp.com\/ecolesaintetherese-sodt.fr\/wp-content\/uploads\/2025\/03\/1741442718362-1-1024x769.jpg?strip=info&#038;w=1200&#038;ssl=1 1200w,https:\/\/i2.wp.com\/ecolesaintetherese-sodt.fr\/wp-content\/uploads\/2025\/03\/1741442718362-1-1024x769.jpg?strip=info&#038;w=1500&#038;ssl=1 1500w,https:\/\/i2.wp.com\/ecolesaintetherese-sodt.fr\/wp-content\/uploads\/2025\/03\/1741442718362-1-1024x769.jpg?strip=info&#038;w=1800&#038;ssl=1 1800w,https:\/\/i2.wp.com\/ecolesaintetherese-sodt.fr\/wp-content\/uploads\/2025\/03\/1741442718362-1-1024x769.jpg?strip=info&#038;w=2000&#038;ssl=1 2000w\" alt=\"\" data-height=\"1537\" data-id=\"4619\" data-link=\"https:\/\/ecolesaintetherese-sodt.fr\/index.php\/petite-et-moyenne-section\/1741442718362-2\/\" data-url=\"https:\/\/ecolesaintetherese-sodt.fr\/wp-content\/uploads\/2025\/03\/1741442718362-1-1024x769.jpg\" data-width=\"2048\" src=\"https:\/\/i2.wp.com\/ecolesaintetherese-sodt.fr\/wp-content\/uploads\/2025\/03\/1741442718362-1-1024x769.jpg?ssl=1\" data-amp-layout=\"responsive\"\/><\/figure><\/div><div class=\"tiled-gallery__col\" style=\"flex-basis:22.07504%\"><figure class=\"tiled-gallery__item\"><img decoding=\"async\" srcset=\"https:\/\/i1.wp.com\/ecolesaintetherese-sodt.fr\/wp-content\/uploads\/2025\/03\/1741966058410-771x1024.jpg?strip=info&#038;w=600&#038;ssl=1 600w,https:\/\/i1.wp.com\/ecolesaintetherese-sodt.fr\/wp-content\/uploads\/2025\/03\/1741966058410-771x1024.jpg?strip=info&#038;w=900&#038;ssl=1 900w,https:\/\/i1.wp.com\/ecolesaintetherese-sodt.fr\/wp-content\/uploads\/2025\/03\/1741966058410-771x1024.jpg?strip=info&#038;w=1200&#038;ssl=1 1200w,https:\/\/i1.wp.com\/ecolesaintetherese-sodt.fr\/wp-content\/uploads\/2025\/03\/1741966058410-771x1024.jpg?strip=info&#038;w=1500&#038;ssl=1 1500w,https:\/\/i1.wp.com\/ecolesaintetherese-sodt.fr\/wp-content\/uploads\/2025\/03\/1741966058410-771x1024.jpg?strip=info&#038;w=1800&#038;ssl=1 1800w,https:\/\/i1.wp.com\/ecolesaintetherese-sodt.fr\/wp-content\/uploads\/2025\/03\/1741966058410-771x1024.jpg?strip=info&#038;w=1928&#038;ssl=1 1928w\" alt=\"\" data-height=\"2560\" data-id=\"4622\" data-link=\"https:\/\/ecolesaintetherese-sodt.fr\/index.php\/petite-et-moyenne-section\/attachment\/1741966058410\/\" data-url=\"https:\/\/ecolesaintetherese-sodt.fr\/wp-content\/uploads\/2025\/03\/1741966058410-771x1024.jpg\" data-width=\"1928\" src=\"https:\/\/i1.wp.com\/ecolesaintetherese-sodt.fr\/wp-content\/uploads\/2025\/03\/1741966058410-771x1024.jpg?ssl=1\" data-amp-layout=\"responsive\"\/><\/figure><\/div><div class=\"tiled-gallery__col\" style=\"flex-basis:38.97512%\"><figure class=\"tiled-gallery__item\"><img decoding=\"async\" srcset=\"https:\/\/i0.wp.com\/ecolesaintetherese-sodt.fr\/wp-content\/uploads\/2025\/03\/MATER-classe.jpg?strip=info&#038;w=600&#038;ssl=1 600w,https:\/\/i0.wp.com\/ecolesaintetherese-sodt.fr\/wp-content\/uploads\/2025\/03\/MATER-classe.jpg?strip=info&#038;w=900&#038;ssl=1 900w,https:\/\/i0.wp.com\/ecolesaintetherese-sodt.fr\/wp-content\/uploads\/2025\/03\/MATER-classe.jpg?strip=info&#038;w=1024&#038;ssl=1 1024w\" alt=\"\" data-height=\"768\" data-id=\"4621\" data-link=\"https:\/\/ecolesaintetherese-sodt.fr\/index.php\/petite-et-moyenne-section\/mater-classe\/\" data-url=\"https:\/\/ecolesaintetherese-sodt.fr\/wp-content\/uploads\/2025\/03\/MATER-classe.jpg\" data-width=\"1024\" src=\"https:\/\/i0.wp.com\/ecolesaintetherese-sodt.fr\/wp-content\/uploads\/2025\/03\/MATER-classe.jpg?ssl=1\" data-amp-layout=\"responsive\"\/><\/figure><\/div><\/div><\/div><\/div>\n<\/div>\n<\/div>\n\n\n\n<div class=\"wp-block-group\"><div class=\"wp-block-group__inner-container is-layout-flow wp-block-group-is-layout-flow\">\n<h5 class=\"wp-block-heading\">Derni\u00e8res actualit\u00e9s pour les petites et moyennes sections<\/h5>\n<\/div><\/div>\n\n\n<ul class=\"wp-block-latest-posts__list has-dates wp-block-latest-posts\"><li><div class=\"wp-block-latest-posts__featured-image alignleft\"><img loading=\"lazy\" decoding=\"async\" width=\"150\" height=\"150\" src=\"https:\/\/ecolesaintetherese-sodt.fr\/wp-content\/uploads\/2026\/03\/1772883392667-1-150x150.jpg\" class=\"attachment-thumbnail size-thumbnail wp-post-image\" alt=\"\" style=\"max-width:113px;max-height:113px;\" srcset=\"https:\/\/ecolesaintetherese-sodt.fr\/wp-content\/uploads\/2026\/03\/1772883392667-1-150x150.jpg 150w, https:\/\/ecolesaintetherese-sodt.fr\/wp-content\/uploads\/2026\/03\/1772883392667-1-300x300.jpg 300w\" sizes=\"auto, (max-width: 150px) 100vw, 150px\" \/><\/div><a class=\"wp-block-latest-posts__post-title\" href=\"https:\/\/ecolesaintetherese-sodt.fr\/index.php\/2026\/03\/02\/les-maternelles-a-la-rencontre-de-lartiste-francois-soutif\/\">Les maternelles \u00e0 la rencontre de l&rsquo;artiste Fran\u00e7ois Soutif<\/a><time datetime=\"2026-03-02T12:42:51+01:00\" class=\"wp-block-latest-posts__post-date\">2 mars 2026<\/time><div class=\"wp-block-latest-posts__post-excerpt\">Les enfants de maternelle ont pu appr\u00e9cier le spectacle \u00ab\u00a0Murmures de la for\u00eat\u00a0\u00bb \u00e0 la salle de spectacle des 3 Ch\u00eanes, \u00e0 Loiron. Le lendemain, ils rencontraient l&rsquo;artiste Fran\u00e7ois Soutif, illustrateur, sculpteur&#8230; Ils ont cr\u00e9e un spectacle d&rsquo;images gr\u00e2ce aux ombres et d\u00e9coupages projet\u00e9s par un r\u00e9troprojecteur sur une toile repr\u00e9sentant la for\u00eat et r\u00e9alis\u00e9e par les enfants. Gare au [&hellip;]<\/div><\/li>\n<li><div class=\"wp-block-latest-posts__featured-image alignleft\"><img loading=\"lazy\" decoding=\"async\" width=\"150\" height=\"150\" src=\"https:\/\/ecolesaintetherese-sodt.fr\/wp-content\/uploads\/2026\/02\/Affiche-soiree-jeux-de-societe-150x150.jpg\" class=\"attachment-thumbnail size-thumbnail wp-post-image\" alt=\"\" style=\"max-width:113px;max-height:113px;\" srcset=\"https:\/\/ecolesaintetherese-sodt.fr\/wp-content\/uploads\/2026\/02\/Affiche-soiree-jeux-de-societe-150x150.jpg 150w, https:\/\/ecolesaintetherese-sodt.fr\/wp-content\/uploads\/2026\/02\/Affiche-soiree-jeux-de-societe-300x300.jpg 300w\" sizes=\"auto, (max-width: 150px) 100vw, 150px\" \/><\/div><a class=\"wp-block-latest-posts__post-title\" href=\"https:\/\/ecolesaintetherese-sodt.fr\/index.php\/2026\/02\/16\/portes-ouvertes-et-soiree-jeux-de-societe\/\">Portes ouvertes et Soir\u00e9e jeux de soci\u00e9t\u00e9<\/a><time datetime=\"2026-02-16T11:36:13+01:00\" class=\"wp-block-latest-posts__post-date\">16 f\u00e9vrier 2026<\/time><div class=\"wp-block-latest-posts__post-excerpt\">L&rsquo;\u00e9cole sera ouverte de 17 h \u00e0 19h pour les portes ouvertes le vendredi 27 mars de 17h \u00e0 19h. Une soir\u00e9e jeux de soci\u00e9t\u00e9 viendra compl\u00e9ter cette journ\u00e9e : apportez vos jeux et faites-les d\u00e9couvrir aux autres le temps d&rsquo;une soir\u00e9e. Convivialit\u00e9 et bonne humeur au programme !<\/div><\/li>\n<li><div class=\"wp-block-latest-posts__featured-image alignleft\"><img loading=\"lazy\" decoding=\"async\" width=\"150\" height=\"150\" src=\"https:\/\/ecolesaintetherese-sodt.fr\/wp-content\/uploads\/2026\/02\/1770549586199-150x150.jpg\" class=\"attachment-thumbnail size-thumbnail wp-post-image\" alt=\"\" style=\"max-width:113px;max-height:113px;\" srcset=\"https:\/\/ecolesaintetherese-sodt.fr\/wp-content\/uploads\/2026\/02\/1770549586199-150x150.jpg 150w, https:\/\/ecolesaintetherese-sodt.fr\/wp-content\/uploads\/2026\/02\/1770549586199-300x300.jpg 300w\" sizes=\"auto, (max-width: 150px) 100vw, 150px\" \/><\/div><a class=\"wp-block-latest-posts__post-title\" href=\"https:\/\/ecolesaintetherese-sodt.fr\/index.php\/2026\/02\/08\/une-cour-de-recre-plus-verte\/\">Une cour de r\u00e9cr\u00e9ation plus verte !<\/a><time datetime=\"2026-02-08T12:23:18+01:00\" class=\"wp-block-latest-posts__post-date\">8 f\u00e9vrier 2026<\/time><div class=\"wp-block-latest-posts__post-excerpt\">Le projet de r\u00e9flexion sur la cour de r\u00e9cr\u00e9ation prend forme au fur et \u00e0 mesure. Les espaces et propositions de jeux pour les enfants se multiplient &#8230; Jeux collectifs ou individuels, laissant libre cour \u00e0 l&rsquo;imagination&#8230; Le bien-\u00eatre des enfants, des besoins propres \u00e0 chacun&#8230;autant de leitmotivs qui orientent les r\u00e9flexions. L&rsquo;int\u00e9r\u00eat d&rsquo;un espace v\u00e9g\u00e9talis\u00e9 plus grand \u00e9tait aussi [&hellip;]<\/div><\/li>\n<li><div class=\"wp-block-latest-posts__featured-image alignleft\"><img loading=\"lazy\" decoding=\"async\" width=\"150\" height=\"150\" src=\"https:\/\/ecolesaintetherese-sodt.fr\/wp-content\/uploads\/2026\/01\/1768906916249-150x150.jpg\" class=\"attachment-thumbnail size-thumbnail wp-post-image\" alt=\"\" style=\"max-width:113px;max-height:113px;\" srcset=\"https:\/\/ecolesaintetherese-sodt.fr\/wp-content\/uploads\/2026\/01\/1768906916249-150x150.jpg 150w, https:\/\/ecolesaintetherese-sodt.fr\/wp-content\/uploads\/2026\/01\/1768906916249-300x300.jpg 300w\" sizes=\"auto, (max-width: 150px) 100vw, 150px\" \/><\/div><a class=\"wp-block-latest-posts__post-title\" href=\"https:\/\/ecolesaintetherese-sodt.fr\/index.php\/2026\/01\/13\/a-lassaut-de-la-tour-eiffel\/\">A l&rsquo;assaut de la Tour Eiffel !<\/a><time datetime=\"2026-01-13T11:56:23+01:00\" class=\"wp-block-latest-posts__post-date\">13 janvier 2026<\/time><div class=\"wp-block-latest-posts__post-excerpt\">Les \u00e9l\u00e8ves de maternelle avaient le sourire aux l\u00e8vres ce matin : quelle joie de voir des milliers de briques LEGO\u00ae ! Des programmes de construction, pour d\u00e9velopper la motricit\u00e9 fine, l&rsquo;autonomie, sans oublier la coop\u00e9ration afin de r\u00e9aliser la Tour Eiffel et faire du lien avec le th\u00e8me de l&rsquo;ann\u00e9e, Made in France ! Merci \u00e0 Elodie et Graines [&hellip;]<\/div><\/li>\n<li><div class=\"wp-block-latest-posts__featured-image alignleft\"><img loading=\"lazy\" decoding=\"async\" width=\"150\" height=\"150\" src=\"https:\/\/ecolesaintetherese-sodt.fr\/wp-content\/uploads\/2026\/01\/Voeux-Noel-2025-150x150.jpg\" class=\"attachment-thumbnail size-thumbnail wp-post-image\" alt=\"\" style=\"max-width:113px;max-height:113px;\" srcset=\"https:\/\/ecolesaintetherese-sodt.fr\/wp-content\/uploads\/2026\/01\/Voeux-Noel-2025-150x150.jpg 150w, https:\/\/ecolesaintetherese-sodt.fr\/wp-content\/uploads\/2026\/01\/Voeux-Noel-2025-300x300.jpg 300w, https:\/\/ecolesaintetherese-sodt.fr\/wp-content\/uploads\/2026\/01\/Voeux-Noel-2025-1024x1024.jpg 1024w, https:\/\/ecolesaintetherese-sodt.fr\/wp-content\/uploads\/2026\/01\/Voeux-Noel-2025-768x768.jpg 768w, https:\/\/ecolesaintetherese-sodt.fr\/wp-content\/uploads\/2026\/01\/Voeux-Noel-2025.jpg 1080w\" sizes=\"auto, (max-width: 150px) 100vw, 150px\" \/><\/div><a class=\"wp-block-latest-posts__post-title\" href=\"https:\/\/ecolesaintetherese-sodt.fr\/index.php\/2025\/12\/19\/de-belles-fetes-de-fin-dannee\/\">De belles f\u00eates de fin d&rsquo;ann\u00e9e<\/a><time datetime=\"2025-12-19T14:20:28+01:00\" class=\"wp-block-latest-posts__post-date\">19 d\u00e9cembre 2025<\/time><div class=\"wp-block-latest-posts__post-excerpt\"><\/div><\/li>\n<li><div class=\"wp-block-latest-posts__featured-image alignleft\"><img loading=\"lazy\" decoding=\"async\" width=\"150\" height=\"150\" src=\"https:\/\/ecolesaintetherese-sodt.fr\/wp-content\/uploads\/2026\/02\/1770550782341-150x150.jpg\" class=\"attachment-thumbnail size-thumbnail wp-post-image\" alt=\"\" style=\"max-width:113px;max-height:113px;\" srcset=\"https:\/\/ecolesaintetherese-sodt.fr\/wp-content\/uploads\/2026\/02\/1770550782341-150x150.jpg 150w, https:\/\/ecolesaintetherese-sodt.fr\/wp-content\/uploads\/2026\/02\/1770550782341-300x300.jpg 300w\" sizes=\"auto, (max-width: 150px) 100vw, 150px\" \/><\/div><a class=\"wp-block-latest-posts__post-title\" href=\"https:\/\/ecolesaintetherese-sodt.fr\/index.php\/2025\/10\/16\/mets-tes-basket-et-bats-la-maladie\/\">Mets tes basket et bats la maladie !<\/a><time datetime=\"2025-10-16T12:34:55+02:00\" class=\"wp-block-latest-posts__post-date\">16 octobre 2025<\/time><div class=\"wp-block-latest-posts__post-excerpt\">Tous les enfants se sont encore mobilis\u00e9s cette ann\u00e9e, un grand moment de partage, de fraternit\u00e9, entre les \u00e9l\u00e8ves, d&rsquo;une part, et au profit des enfants malades d&rsquo;autre part. Merci \u00e0 vous, parents, amis, familles de vous mobiliser. L&rsquo;\u00e9cole a r\u00e9colt\u00e9 365 \u20ac pour l&rsquo;association ELA cette ann\u00e9e. Un merci particulier \u00e0 Mme Le Dain qui a fait un don [&hellip;]<\/div><\/li>\n<li><div class=\"wp-block-latest-posts__featured-image alignleft\"><img loading=\"lazy\" decoding=\"async\" width=\"150\" height=\"150\" src=\"https:\/\/ecolesaintetherese-sodt.fr\/wp-content\/uploads\/2025\/06\/IMG_20250523_134124-150x150.jpg\" class=\"attachment-thumbnail size-thumbnail wp-post-image\" alt=\"\" style=\"max-width:113px;max-height:113px;\" srcset=\"https:\/\/ecolesaintetherese-sodt.fr\/wp-content\/uploads\/2025\/06\/IMG_20250523_134124-150x150.jpg 150w, https:\/\/ecolesaintetherese-sodt.fr\/wp-content\/uploads\/2025\/06\/IMG_20250523_134124-300x300.jpg 300w\" sizes=\"auto, (max-width: 150px) 100vw, 150px\" \/><\/div><a class=\"wp-block-latest-posts__post-title\" href=\"https:\/\/ecolesaintetherese-sodt.fr\/index.php\/2025\/05\/25\/les-ps-ms-et-gs-cp-en-classe-nature\/\">Les PS-MS et GS-CP en Classe nature<\/a><time datetime=\"2025-05-25T18:33:54+02:00\" class=\"wp-block-latest-posts__post-date\">25 mai 2025<\/time><div class=\"wp-block-latest-posts__post-excerpt\">Les jeudi 21 et 22 mai, les enfants des classes de Petite Section \u2013 Moyenne Section et Grande Section &#8211; CP ont pris le car au d\u00e9part de l\u2019\u00e9cole direction Laval pour vivre une belle aventure&nbsp;: une classe nature. Pendant ces deux jours, les \u00e9l\u00e8ves ont particip\u00e9 \u00e0 des ateliers propos\u00e9s par Guillaume, un animateur de Mayenne Nature Environnement. Fabrication [&hellip;]<\/div><\/li>\n<li><div class=\"wp-block-latest-posts__featured-image alignleft\"><img loading=\"lazy\" decoding=\"async\" width=\"150\" height=\"150\" src=\"https:\/\/ecolesaintetherese-sodt.fr\/wp-content\/uploads\/2025\/05\/1746795129274-1-150x150.jpg\" class=\"attachment-thumbnail size-thumbnail wp-post-image\" alt=\"\" style=\"max-width:113px;max-height:113px;\" srcset=\"https:\/\/ecolesaintetherese-sodt.fr\/wp-content\/uploads\/2025\/05\/1746795129274-1-150x150.jpg 150w, https:\/\/ecolesaintetherese-sodt.fr\/wp-content\/uploads\/2025\/05\/1746795129274-1-300x300.jpg 300w\" sizes=\"auto, (max-width: 150px) 100vw, 150px\" \/><\/div><a class=\"wp-block-latest-posts__post-title\" href=\"https:\/\/ecolesaintetherese-sodt.fr\/index.php\/2025\/05\/09\/quand-sainte-therese-se-transforme-en-poudlard\/\">Quand Sainte Th\u00e9r\u00e8se se transforme en Poudlard&#8230;<\/a><time datetime=\"2025-05-09T15:07:45+02:00\" class=\"wp-block-latest-posts__post-date\">9 mai 2025<\/time><div class=\"wp-block-latest-posts__post-excerpt\">Harry Potter s&rsquo;est invit\u00e9 \u00e0 l&rsquo;\u00e9cole le vendredi 2 mai&#8230; L&rsquo;\u00e9quipe a d\u00e9clin\u00e9 la journ\u00e9e avec des activit\u00e9s vari\u00e9es. Celle-ci a commenc\u00e9 par la c\u00e9l\u00e8bre c\u00e9r\u00e9monie du choixpeau (the sorting Hat) afin de r\u00e9partir les enfants dans les 4 maisons (\u201cGryffindor\u201d, \u201cRavenclaw\u201d, \u201cHufflepuff\u201d et \u201cSlytherin\u201d). Une fois leur cravate assortie \u00e0 leur maisons, les enfants ont d\u00e9couvert un atelier de [&hellip;]<\/div><\/li>\n<li><div class=\"wp-block-latest-posts__featured-image alignleft\"><img loading=\"lazy\" decoding=\"async\" width=\"1\" height=\"1\" src=\"https:\/\/ecolesaintetherese-sodt.fr\/wp-content\/uploads\/2025\/01\/1736516189855-1.jpg\" class=\"attachment-thumbnail size-thumbnail wp-post-image\" alt=\"\" style=\"max-width:113px;max-height:113px;\" \/><\/div><a class=\"wp-block-latest-posts__post-title\" href=\"https:\/\/ecolesaintetherese-sodt.fr\/index.php\/2025\/01\/09\/4080\/\">A la rencontre d&rsquo;un apiculteur<\/a><time datetime=\"2025-01-09T15:16:59+01:00\" class=\"wp-block-latest-posts__post-date\">9 janvier 2025<\/time><div class=\"wp-block-latest-posts__post-excerpt\">Les enfants de l&rsquo;\u00e9cole Sainte Th\u00e9r\u00e8se ont pu \u00e9changer toute la journ\u00e9e avec Nicolas Gabillon, apiculteur \u00e0 c\u00f4t\u00e9 de Ch\u00e2teau-Gontier. Les enfants ont \u00e9cout\u00e9 attentivement les explications de Nicolas puis, autour de 4 ateliers, ils ont alors pu manipuler, observer les caract\u00e9ristiques de chacune des esp\u00e8ces (abeilles, frelons, faux bourdons, gu\u00eapes\u2026), rep\u00e9rer la reine, reconstituer le cycle de vie de [&hellip;]<\/div><\/li>\n<li><div class=\"wp-block-latest-posts__featured-image alignleft\"><img loading=\"lazy\" decoding=\"async\" width=\"150\" height=\"150\" src=\"https:\/\/ecolesaintetherese-sodt.fr\/wp-content\/uploads\/2024\/10\/1729870039206-1-150x150.jpg\" class=\"attachment-thumbnail size-thumbnail wp-post-image\" alt=\"\" style=\"max-width:113px;max-height:113px;\" srcset=\"https:\/\/ecolesaintetherese-sodt.fr\/wp-content\/uploads\/2024\/10\/1729870039206-1-150x150.jpg 150w, https:\/\/ecolesaintetherese-sodt.fr\/wp-content\/uploads\/2024\/10\/1729870039206-1-300x300.jpg 300w\" sizes=\"auto, (max-width: 150px) 100vw, 150px\" \/><\/div><a class=\"wp-block-latest-posts__post-title\" href=\"https:\/\/ecolesaintetherese-sodt.fr\/index.php\/2024\/10\/18\/mets-tes-baskets-et-bats-la-maladie-avec-ela\/\">\u00ab\u00a0Mets tes baskets et bats la maladie avec ELA\u00a0\u00bb<\/a><time datetime=\"2024-10-18T17:57:28+02:00\" class=\"wp-block-latest-posts__post-date\">18 octobre 2024<\/time><div class=\"wp-block-latest-posts__post-excerpt\">Des \u00e9l\u00e8ves sensibilis\u00e9s et motiv\u00e9s ! Des temps forts tout au long de cette semaine d&rsquo;octobre ! Dans un premier temps, les enfants ont tous visionn\u00e9 des vid\u00e9os afin de comprendre ce que sont les leucodystrophies, ces maladies g\u00e9n\u00e9tiques rares. C&rsquo;\u00e9tait l&rsquo;occasion d&rsquo;\u00e9changer, de r\u00e9aliser la chance qu&rsquo;ils ont d&rsquo;\u00eatre en bonne sant\u00e9. https:\/\/youtu.be\/3w1-zi55f2g C&rsquo;est avec entrain qu&rsquo;ils ont particip\u00e9 [&hellip;]<\/div><\/li>\n<li><div class=\"wp-block-latest-posts__featured-image alignleft\"><img loading=\"lazy\" decoding=\"async\" width=\"150\" height=\"150\" src=\"https:\/\/ecolesaintetherese-sodt.fr\/wp-content\/uploads\/2024\/10\/1729872972148-150x150.jpg\" class=\"attachment-thumbnail size-thumbnail wp-post-image\" alt=\"\" style=\"max-width:113px;max-height:113px;\" srcset=\"https:\/\/ecolesaintetherese-sodt.fr\/wp-content\/uploads\/2024\/10\/1729872972148-150x150.jpg 150w, https:\/\/ecolesaintetherese-sodt.fr\/wp-content\/uploads\/2024\/10\/1729872972148-300x300.jpg 300w\" sizes=\"auto, (max-width: 150px) 100vw, 150px\" \/><\/div><a class=\"wp-block-latest-posts__post-title\" href=\"https:\/\/ecolesaintetherese-sodt.fr\/index.php\/2024\/10\/17\/la-grande-lessive-de-lautomne\/\">La grande lessive de l&rsquo;automne<\/a><time datetime=\"2024-10-17T18:20:28+02:00\" class=\"wp-block-latest-posts__post-date\">17 octobre 2024<\/time><div class=\"wp-block-latest-posts__post-excerpt\">PAREIL \/ PAS PAREIL : Tel \u00e9tait le th\u00e8me retenu pour la grande lessive de l&rsquo;automne 2024, cette exposition artistique \u00e9ph\u00e9m\u00e8re organis\u00e9e dans le monde entier. Chaque enfant a pu ainsi voir son \u0153uvre suspendue \u00e0 l&rsquo;occasion de cette \u00e9dition 2024 ! https:\/\/www.lagrandelessive.net\/la-grande-lessive\/<\/div><\/li>\n<li><div class=\"wp-block-latest-posts__featured-image alignleft\"><img loading=\"lazy\" decoding=\"async\" width=\"150\" height=\"150\" src=\"https:\/\/ecolesaintetherese-sodt.fr\/wp-content\/uploads\/2024\/06\/1719391983460-150x150.jpg\" class=\"attachment-thumbnail size-thumbnail wp-post-image\" alt=\"\" style=\"max-width:113px;max-height:113px;\" srcset=\"https:\/\/ecolesaintetherese-sodt.fr\/wp-content\/uploads\/2024\/06\/1719391983460-150x150.jpg 150w, https:\/\/ecolesaintetherese-sodt.fr\/wp-content\/uploads\/2024\/06\/1719391983460-300x300.jpg 300w\" sizes=\"auto, (max-width: 150px) 100vw, 150px\" \/><\/div><a class=\"wp-block-latest-posts__post-title\" href=\"https:\/\/ecolesaintetherese-sodt.fr\/index.php\/2024\/06\/26\/what-a-wonderful-day\/\">What a wonderful day !<\/a><time datetime=\"2024-06-26T12:07:37+02:00\" class=\"wp-block-latest-posts__post-date\">26 juin 2024<\/time><div class=\"wp-block-latest-posts__post-excerpt\">Ce mardi 25 juin, toute l&rsquo;\u00e9cole Sainte Th\u00e9r\u00e8se s&rsquo;\u00e9tait mise \u00e0 la mode anglaise : la cravate \u00e9tait de sortie pour toutes et tous. Accompagn\u00e9s par des parents et grands-parents (un grand merci !) , les enfants, r\u00e9partis en 6 \u00e9quipes, ont tourn\u00e9 sur 6 ateliers tout au long de la journ\u00e9e : c\u00f4t\u00e9 musique, ils ont chantonn\u00e9 une chanson [&hellip;]<\/div><\/li>\n<li><div class=\"wp-block-latest-posts__featured-image alignleft\"><img loading=\"lazy\" decoding=\"async\" width=\"150\" height=\"150\" src=\"https:\/\/ecolesaintetherese-sodt.fr\/wp-content\/uploads\/2024\/06\/1719391528734-1-150x150.jpg\" class=\"attachment-thumbnail size-thumbnail wp-post-image\" alt=\"\" style=\"max-width:113px;max-height:113px;\" srcset=\"https:\/\/ecolesaintetherese-sodt.fr\/wp-content\/uploads\/2024\/06\/1719391528734-1-150x150.jpg 150w, https:\/\/ecolesaintetherese-sodt.fr\/wp-content\/uploads\/2024\/06\/1719391528734-1-300x300.jpg 300w\" sizes=\"auto, (max-width: 150px) 100vw, 150px\" \/><\/div><a class=\"wp-block-latest-posts__post-title\" href=\"https:\/\/ecolesaintetherese-sodt.fr\/index.php\/2024\/06\/17\/une-jolie-fresque\/\">Une jolie fresque<\/a><time datetime=\"2024-06-17T22:27:49+02:00\" class=\"wp-block-latest-posts__post-date\">17 juin 2024<\/time><div class=\"wp-block-latest-posts__post-excerpt\">Les \u00e9l\u00e8ves de CP-CE1-CE2 de l&rsquo;\u00e9cole Sainte Th\u00e9r\u00e8se ont \u00e9t\u00e9 encadr\u00e9s par Mlle Fifi, illustratrice de la Mayenne pour r\u00e9aliser une fresque dans la grande salle plurivalente ainsi que dans le dortoir. C&rsquo;est maintenant dans une pi\u00e8ce color\u00e9e et joyeuse que vous serez accueillis. Le dortoir connait aussi une belle transformation &#8230; de quoi permettre aux plus petits de faire [&hellip;]<\/div><\/li>\n<li><div class=\"wp-block-latest-posts__featured-image alignleft\"><img loading=\"lazy\" decoding=\"async\" width=\"150\" height=\"150\" src=\"https:\/\/ecolesaintetherese-sodt.fr\/wp-content\/uploads\/2024\/06\/Photo-de-Nathalie-Brault-28-edited-150x150.jpg\" class=\"attachment-thumbnail size-thumbnail wp-post-image\" alt=\"\" style=\"max-width:113px;max-height:113px;\" srcset=\"https:\/\/ecolesaintetherese-sodt.fr\/wp-content\/uploads\/2024\/06\/Photo-de-Nathalie-Brault-28-edited-150x150.jpg 150w, https:\/\/ecolesaintetherese-sodt.fr\/wp-content\/uploads\/2024\/06\/Photo-de-Nathalie-Brault-28-edited-300x300.jpg 300w\" sizes=\"auto, (max-width: 150px) 100vw, 150px\" \/><\/div><a class=\"wp-block-latest-posts__post-title\" href=\"https:\/\/ecolesaintetherese-sodt.fr\/index.php\/2024\/06\/10\/une-kermesse-au-fil-des-continents\/\">Une kermesse au fil des continents<\/a><time datetime=\"2024-06-10T11:40:40+02:00\" class=\"wp-block-latest-posts__post-date\">10 juin 2024<\/time><div class=\"wp-block-latest-posts__post-excerpt\">C&rsquo;est sous le soleil que les enfants de l&rsquo;\u00e9cole Sainte Th\u00e9r\u00e8se ont pu d\u00e9voiler leurs danses et chants. De la Chine \u00e0 l&rsquo;Afrique en passant par l&rsquo;Am\u00e9rique, ils ont termin\u00e9 sur un chant autour du monde, en 80 jours ! Sans oublier un clin d&rsquo;\u0153il aux Jeux Olympiques.<\/div><\/li>\n<li><div class=\"wp-block-latest-posts__featured-image alignleft\"><img loading=\"lazy\" decoding=\"async\" width=\"150\" height=\"150\" src=\"https:\/\/ecolesaintetherese-sodt.fr\/wp-content\/uploads\/2024\/05\/1716889751274-150x150.jpg\" class=\"attachment-thumbnail size-thumbnail wp-post-image\" alt=\"\" style=\"max-width:113px;max-height:113px;\" srcset=\"https:\/\/ecolesaintetherese-sodt.fr\/wp-content\/uploads\/2024\/05\/1716889751274-150x150.jpg 150w, https:\/\/ecolesaintetherese-sodt.fr\/wp-content\/uploads\/2024\/05\/1716889751274-300x300.jpg 300w\" sizes=\"auto, (max-width: 150px) 100vw, 150px\" \/><\/div><a class=\"wp-block-latest-posts__post-title\" href=\"https:\/\/ecolesaintetherese-sodt.fr\/index.php\/2024\/05\/28\/les-animaux-au-fil-des-continents\/\">Les animaux au fil des continents<\/a><time datetime=\"2024-05-28T14:01:06+02:00\" class=\"wp-block-latest-posts__post-date\">28 mai 2024<\/time><div class=\"wp-block-latest-posts__post-excerpt\">Les \u00e9l\u00e8ves de l&rsquo;\u00e9cole se sont rendus au Zoo de la Fl\u00e8che pour observer des animaux des 5 continents. Ils ont \u00e9t\u00e9 sensibilis\u00e9s au cycle des d\u00e9chets, ceux-ci finissant toujours dans les mers et oc\u00e9ans, gr\u00e2ce \u00e0 l&rsquo;animation avec les otaries. Ils ont \u00e9t\u00e9 accueillis l&rsquo;apr\u00e8s-midi par des animatrices qui ont questionn\u00e9 les primaires sur les moyens que nous pouvions [&hellip;]<\/div><\/li>\n<li><div class=\"wp-block-latest-posts__featured-image alignleft\"><img loading=\"lazy\" decoding=\"async\" width=\"150\" height=\"150\" src=\"https:\/\/ecolesaintetherese-sodt.fr\/wp-content\/uploads\/2024\/01\/PXL_20240111_080944922-scaled-e1706546314544-150x150.jpg\" class=\"attachment-thumbnail size-thumbnail wp-post-image\" alt=\"\" style=\"max-width:113px;max-height:113px;\" srcset=\"https:\/\/ecolesaintetherese-sodt.fr\/wp-content\/uploads\/2024\/01\/PXL_20240111_080944922-scaled-e1706546314544-150x150.jpg 150w, https:\/\/ecolesaintetherese-sodt.fr\/wp-content\/uploads\/2024\/01\/PXL_20240111_080944922-scaled-e1706546314544-300x300.jpg 300w\" sizes=\"auto, (max-width: 150px) 100vw, 150px\" \/><\/div><a class=\"wp-block-latest-posts__post-title\" href=\"https:\/\/ecolesaintetherese-sodt.fr\/index.php\/2023\/12\/22\/visite-du-pere-noel\/\">Visite du P\u00e8re No\u00ebl<\/a><time datetime=\"2023-12-22T18:10:12+01:00\" class=\"wp-block-latest-posts__post-date\">22 d\u00e9cembre 2023<\/time><div class=\"wp-block-latest-posts__post-excerpt\">Lors du spectacle de fin d&rsquo;ann\u00e9e, le P\u00e8re No\u00ebl nous a apport\u00e9s de nombreux cadeaux. La classe des PS &#8211; MS a \u00e9t\u00e9 tr\u00e8s chanceuse : Les enfants sont ravis de ces diff\u00e9rents cadeaux.<\/div><\/li>\n<li><div class=\"wp-block-latest-posts__featured-image alignleft\"><img loading=\"lazy\" decoding=\"async\" width=\"150\" height=\"150\" src=\"https:\/\/ecolesaintetherese-sodt.fr\/wp-content\/uploads\/2024\/01\/PXL_20231222_085137322.PORTRAIT-1-150x150.jpg\" class=\"attachment-thumbnail size-thumbnail wp-post-image\" alt=\"\" style=\"max-width:113px;max-height:113px;\" srcset=\"https:\/\/ecolesaintetherese-sodt.fr\/wp-content\/uploads\/2024\/01\/PXL_20231222_085137322.PORTRAIT-1-150x150.jpg 150w, https:\/\/ecolesaintetherese-sodt.fr\/wp-content\/uploads\/2024\/01\/PXL_20231222_085137322.PORTRAIT-1-300x300.jpg 300w\" sizes=\"auto, (max-width: 150px) 100vw, 150px\" \/><\/div><a class=\"wp-block-latest-posts__post-title\" href=\"https:\/\/ecolesaintetherese-sodt.fr\/index.php\/2023\/12\/12\/dun-continent-a-lautre\/\">D&rsquo;un continent \u00e0 l&rsquo;autre.<\/a><time datetime=\"2023-12-12T19:20:43+01:00\" class=\"wp-block-latest-posts__post-date\">12 d\u00e9cembre 2023<\/time><div class=\"wp-block-latest-posts__post-excerpt\">Cette ann\u00e9e nous allons voyager \u00ab&nbsp;d\u2019un continent \u00e0 l\u2019autre&nbsp;\u00bb. Durant ce voyage nous allons d\u00e9couvrir d&rsquo;autres milieux de vie, d&rsquo;autres cultures, pour nous ouvrir au monde et \u00e0 la diff\u00e9rence. Premi\u00e8re escale\u00a0: L\u2019Australie. Les \u00e9l\u00e8ves de PS-MS ont d\u00e9couvert une multitude d\u2019animaux peuplant cette immense \u00eele&nbsp;: koala, kangourou, ornithorynque, crocodile, diable de Tasmanie, kiwi\u2026 Ils sont d\u00e9sormais sp\u00e9cialistes de la [&hellip;]<\/div><\/li>\n<li><div class=\"wp-block-latest-posts__featured-image alignleft\"><img loading=\"lazy\" decoding=\"async\" width=\"150\" height=\"150\" src=\"https:\/\/ecolesaintetherese-sodt.fr\/wp-content\/uploads\/2023\/11\/IMG_20231113_113347-150x150.jpg\" class=\"attachment-thumbnail size-thumbnail wp-post-image\" alt=\"\" style=\"max-width:113px;max-height:113px;\" srcset=\"https:\/\/ecolesaintetherese-sodt.fr\/wp-content\/uploads\/2023\/11\/IMG_20231113_113347-150x150.jpg 150w, https:\/\/ecolesaintetherese-sodt.fr\/wp-content\/uploads\/2023\/11\/IMG_20231113_113347-300x300.jpg 300w\" sizes=\"auto, (max-width: 150px) 100vw, 150px\" \/><\/div><a class=\"wp-block-latest-posts__post-title\" href=\"https:\/\/ecolesaintetherese-sodt.fr\/index.php\/2023\/11\/14\/decouverte-des-musiques-et-instruments-du-monde\/\">D\u00e9couverte des musiques et instruments du monde<\/a><time datetime=\"2023-11-14T15:28:51+01:00\" class=\"wp-block-latest-posts__post-date\">14 novembre 2023<\/time><div class=\"wp-block-latest-posts__post-excerpt\">Plan\u00e8te M\u00f4mes, repr\u00e9sent\u00e9 par Damien Leclercq, a pr\u00e9sent\u00e9 un spectacle \u00e0 tous les enfants de l&rsquo;\u00e9cole Sainte Th\u00e9r\u00e8se autour des musiques du monde et de leurs instruments, des congas de Cuba, des coras du Mali, le lu-sheng de Chine&#8230; Il a fait interagir les enfants qui ont appr\u00e9ci\u00e9 d\u00e9couvrir des \u00e9l\u00e9ments de cultures d&rsquo;autres pays, des instruments de musique et [&hellip;]<\/div><\/li>\n<li><div class=\"wp-block-latest-posts__featured-image alignleft\"><img loading=\"lazy\" decoding=\"async\" width=\"150\" height=\"150\" src=\"https:\/\/ecolesaintetherese-sodt.fr\/wp-content\/uploads\/2023\/10\/IMG_20231017_093655-150x150.jpg\" class=\"attachment-thumbnail size-thumbnail wp-post-image\" alt=\"\" style=\"max-width:113px;max-height:113px;\" srcset=\"https:\/\/ecolesaintetherese-sodt.fr\/wp-content\/uploads\/2023\/10\/IMG_20231017_093655-150x150.jpg 150w, https:\/\/ecolesaintetherese-sodt.fr\/wp-content\/uploads\/2023\/10\/IMG_20231017_093655-300x300.jpg 300w\" sizes=\"auto, (max-width: 150px) 100vw, 150px\" \/><\/div><a class=\"wp-block-latest-posts__post-title\" href=\"https:\/\/ecolesaintetherese-sodt.fr\/index.php\/2023\/10\/17\/operation-pressage-de-pommes-2\/\">Op\u00e9ration pressage de pommes<\/a><time datetime=\"2023-10-17T17:51:03+02:00\" class=\"wp-block-latest-posts__post-date\">17 octobre 2023<\/time><div class=\"wp-block-latest-posts__post-excerpt\">Les \u00e9l\u00e8ves de l&rsquo;\u00e9cole Sainte Th\u00e9r\u00e8se ont maintenant pris l&rsquo;habitude de participer au pressage du jus de pomme. Rien de meilleur que de d\u00e9guster du jus de pommes ramass\u00e9es par soi-m\u00eame ! 276 poches de jus de pomme ont \u00e9t\u00e9 ainsi fabriqu\u00e9es. Les maternelles en ont profit\u00e9 pour r\u00e9aliser de la compote de pomme. Merci aux enfants, parents, grands-parents qui [&hellip;]<\/div><\/li>\n<li><div class=\"wp-block-latest-posts__featured-image alignleft\"><img loading=\"lazy\" decoding=\"async\" width=\"150\" height=\"84\" src=\"https:\/\/ecolesaintetherese-sodt.fr\/wp-content\/uploads\/2023\/05\/20230504_112649-scaled.jpg\" class=\"attachment-thumbnail size-thumbnail wp-post-image\" alt=\"\" style=\"max-width:113px;max-height:113px;\" srcset=\"https:\/\/ecolesaintetherese-sodt.fr\/wp-content\/uploads\/2023\/05\/20230504_112649-scaled.jpg 2560w, https:\/\/ecolesaintetherese-sodt.fr\/wp-content\/uploads\/2023\/05\/20230504_112649-300x169.jpg 300w\" sizes=\"auto, (max-width: 150px) 100vw, 150px\" \/><\/div><a class=\"wp-block-latest-posts__post-title\" href=\"https:\/\/ecolesaintetherese-sodt.fr\/index.php\/2023\/05\/04\/sortie-a-la-mer\/\">Sortie \u00e0 la mer<\/a><time datetime=\"2023-05-04T19:06:06+02:00\" class=\"wp-block-latest-posts__post-date\">4 mai 2023<\/time><div class=\"wp-block-latest-posts__post-excerpt\">Jeudi 4 mai, tous les enfants de MS, GS, CP et CE1 sont arriv\u00e9s de bonne heure et de bonne humeur \u00e0 l\u2019\u00e9cole. Un car les attendait pour les conduire sur le bord de la mer, dans la commune de Saint-Coulomb, sur la C\u00f4te d\u2019Emeraude. Au programme de cette journ\u00e9e pour les CP-CE1&nbsp;: d\u00e9couverte de la diversit\u00e9 des paysages du [&hellip;]<\/div><\/li>\n<li><div class=\"wp-block-latest-posts__featured-image alignleft\"><img loading=\"lazy\" decoding=\"async\" width=\"150\" height=\"150\" src=\"https:\/\/ecolesaintetherese-sodt.fr\/wp-content\/uploads\/2023\/03\/IMG_20230317_152533-150x150.jpg\" class=\"attachment-thumbnail size-thumbnail wp-post-image\" alt=\"\" style=\"max-width:113px;max-height:113px;\" srcset=\"https:\/\/ecolesaintetherese-sodt.fr\/wp-content\/uploads\/2023\/03\/IMG_20230317_152533-150x150.jpg 150w, https:\/\/ecolesaintetherese-sodt.fr\/wp-content\/uploads\/2023\/03\/IMG_20230317_152533-300x300.jpg 300w\" sizes=\"auto, (max-width: 150px) 100vw, 150px\" \/><\/div><a class=\"wp-block-latest-posts__post-title\" href=\"https:\/\/ecolesaintetherese-sodt.fr\/index.php\/2023\/03\/17\/carnaval\/\">Carnaval !<\/a><time datetime=\"2023-03-17T19:35:39+01:00\" class=\"wp-block-latest-posts__post-date\">17 mars 2023<\/time><div class=\"wp-block-latest-posts__post-excerpt\">Carnaval est arriv\u00e9, En voici le d\u00e9fil\u00e9 Princesse en robe de soie Cow-boy sur son cheval de bois&#8230; sorci\u00e8re toujours tr\u00e8s fi\u00e8re&#8230; Ils avaient effectivement fi\u00e8re allure nos enfants des l&rsquo;\u00e9cole Sainte Th\u00e9r\u00e8se : ils ont d\u00e9fil\u00e9 et apport\u00e9 des cr\u00eapes aux r\u00e9sidents de la MARPA. Les enfants de GS-CP sont rest\u00e9s les d\u00e9guster avec eux. Merci aux parents qui [&hellip;]<\/div><\/li>\n<li><div class=\"wp-block-latest-posts__featured-image alignleft\"><img loading=\"lazy\" decoding=\"async\" width=\"150\" height=\"150\" src=\"https:\/\/ecolesaintetherese-sodt.fr\/wp-content\/uploads\/2023\/02\/PXL_20230210_091339265-150x150.jpg\" class=\"attachment-thumbnail size-thumbnail wp-post-image\" alt=\"\" style=\"max-width:113px;max-height:113px;\" srcset=\"https:\/\/ecolesaintetherese-sodt.fr\/wp-content\/uploads\/2023\/02\/PXL_20230210_091339265-150x150.jpg 150w, https:\/\/ecolesaintetherese-sodt.fr\/wp-content\/uploads\/2023\/02\/PXL_20230210_091339265-300x300.jpg 300w\" sizes=\"auto, (max-width: 150px) 100vw, 150px\" \/><\/div><a class=\"wp-block-latest-posts__post-title\" href=\"https:\/\/ecolesaintetherese-sodt.fr\/index.php\/2023\/02\/26\/les-apprentis-cuisiniers\/\">Les apprentis cuisiniers !<\/a><time datetime=\"2023-02-26T11:02:00+01:00\" class=\"wp-block-latest-posts__post-date\">26 f\u00e9vrier 2023<\/time><div class=\"wp-block-latest-posts__post-excerpt\">Les \u00e9l\u00e8ves de la classe de TPS-PS-MS se sont transform\u00e9s en v\u00e9ritable petits chefs cuisiniers. Les \u00e9l\u00e8ves ont donc encha\u00een\u00e9 recettes et d\u00e9gustations. Au menu de la p\u00e9riode&nbsp;: salade de fruits, galette des rois, soupe, cr\u00eapes, g\u00e2teau au yaourt, p\u00e9trissage d\u2019une boule de pain chez le boulanger et pr\u00e9paration d\u2019une pizza au restaurant Pizz\u00e9ria Del Arte. Une p\u00e9riode riche en [&hellip;]<\/div><\/li>\n<li><div class=\"wp-block-latest-posts__featured-image alignleft\"><img loading=\"lazy\" decoding=\"async\" width=\"150\" height=\"150\" src=\"https:\/\/ecolesaintetherese-sodt.fr\/wp-content\/uploads\/2023\/01\/IMG_20230124_101729-1-150x150.jpg\" class=\"attachment-thumbnail size-thumbnail wp-post-image\" alt=\"\" style=\"max-width:113px;max-height:113px;\" srcset=\"https:\/\/ecolesaintetherese-sodt.fr\/wp-content\/uploads\/2023\/01\/IMG_20230124_101729-1-150x150.jpg 150w, https:\/\/ecolesaintetherese-sodt.fr\/wp-content\/uploads\/2023\/01\/IMG_20230124_101729-1-300x300.jpg 300w\" sizes=\"auto, (max-width: 150px) 100vw, 150px\" \/><\/div><a class=\"wp-block-latest-posts__post-title\" href=\"https:\/\/ecolesaintetherese-sodt.fr\/index.php\/2023\/01\/27\/pizza-de-la-fabrication-a-la-degustation\/\">Pizza : de la fabrication \u00e0 &#8230; la d\u00e9gustation !<\/a><time datetime=\"2023-01-27T14:15:31+01:00\" class=\"wp-block-latest-posts__post-date\">27 janvier 2023<\/time><div class=\"wp-block-latest-posts__post-excerpt\">Dans le cadre de la d\u00e9couverte des m\u00e9tiers, tous les \u00e9l\u00e8ves \u00e9taient invit\u00e9s cette semaine \u00e0 la Pizzeria Del Arte : les enfants ont pu r\u00e9aliser leur propre pizza en y mettant la garniture de leur choix et surtout la d\u00e9guster ! Ils ont regard\u00e9 le pizza\u00efolo d\u00e9couper et peser les p\u00e2tons, \u00e9cout\u00e9 ses explications, 3-4 minutes de cuisson \u00e0 [&hellip;]<\/div><\/li>\n<li><div class=\"wp-block-latest-posts__featured-image alignleft\"><img loading=\"lazy\" decoding=\"async\" width=\"150\" height=\"150\" src=\"https:\/\/ecolesaintetherese-sodt.fr\/wp-content\/uploads\/2023\/01\/IMG-20230124-WA0018-150x150.jpeg\" class=\"attachment-thumbnail size-thumbnail wp-post-image\" alt=\"\" style=\"max-width:113px;max-height:113px;\" srcset=\"https:\/\/ecolesaintetherese-sodt.fr\/wp-content\/uploads\/2023\/01\/IMG-20230124-WA0018-150x150.jpeg 150w, https:\/\/ecolesaintetherese-sodt.fr\/wp-content\/uploads\/2023\/01\/IMG-20230124-WA0018-300x300.jpeg 300w\" sizes=\"auto, (max-width: 150px) 100vw, 150px\" \/><\/div><a class=\"wp-block-latest-posts__post-title\" href=\"https:\/\/ecolesaintetherese-sodt.fr\/index.php\/2023\/01\/24\/a-la-decouverte-du-metier-de-boulanger\/\">A la d\u00e9couverte du m\u00e9tier de boulanger<\/a><time datetime=\"2023-01-24T16:07:21+01:00\" class=\"wp-block-latest-posts__post-date\">24 janvier 2023<\/time><div class=\"wp-block-latest-posts__post-excerpt\">Les enfants de maternelle \u00e9taient accueillis hier par Anthony \u00e0 la boulangerie de St-Ouen des Toits, \u00ab\u00a0La fabrique des Goureman&rsquo;dises\u00ab\u00a0. Ils ont pos\u00e9 plein de questions, \u00e9cout\u00e9, observ\u00e9 comment Anthony \u00ab\u00a0signait\u00a0\u00bb le pain puis ils ont enfin r\u00e9alis\u00e9 leur boule de pain ! Aujourd&rsquo;hui, chacun repartait avec sa boule de pain.<\/div><\/li>\n<li><div class=\"wp-block-latest-posts__featured-image alignleft\"><img loading=\"lazy\" decoding=\"async\" width=\"150\" height=\"150\" src=\"https:\/\/ecolesaintetherese-sodt.fr\/wp-content\/uploads\/2023\/02\/IMG_20221209_102156-150x150.jpg\" class=\"attachment-thumbnail size-thumbnail wp-post-image\" alt=\"\" style=\"max-width:113px;max-height:113px;\" srcset=\"https:\/\/ecolesaintetherese-sodt.fr\/wp-content\/uploads\/2023\/02\/IMG_20221209_102156-150x150.jpg 150w, https:\/\/ecolesaintetherese-sodt.fr\/wp-content\/uploads\/2023\/02\/IMG_20221209_102156-300x300.jpg 300w\" sizes=\"auto, (max-width: 150px) 100vw, 150px\" \/><\/div><a class=\"wp-block-latest-posts__post-title\" href=\"https:\/\/ecolesaintetherese-sodt.fr\/index.php\/2022\/12\/22\/un-air-de-noel\/\">Un air de No\u00ebl<\/a><time datetime=\"2022-12-22T14:08:00+01:00\" class=\"wp-block-latest-posts__post-date\">22 d\u00e9cembre 2022<\/time><div class=\"wp-block-latest-posts__post-excerpt\">Cela sent bon No\u00ebl&#8230; R\u00e9p\u00e9tition du spectacle de No\u00ebl pour les enfants de l&rsquo;\u00e9cole Sainte-Th\u00e9r\u00e8se puis Spectacle offert par la municipalit\u00e9. Vendredi apr\u00e8s-midi, tous les enfants sont all\u00e9s chanter pour les r\u00e9sidants de la MARPA. Les \u00e9l\u00e8ves de CE2 CM1 avaient \u00e9galement r\u00e9alis\u00e9 une carte de v\u0153ux qu&rsquo;ils ont eu plaisir \u00e0 leur remettre. Un bon moment interg\u00e9n\u00e9rationnel ! Apr\u00e8s-midi [&hellip;]<\/div><\/li>\n<li><div class=\"wp-block-latest-posts__featured-image alignleft\"><img loading=\"lazy\" decoding=\"async\" width=\"150\" height=\"150\" src=\"https:\/\/ecolesaintetherese-sodt.fr\/wp-content\/uploads\/2022\/10\/6-1-150x150.jpg\" class=\"attachment-thumbnail size-thumbnail wp-post-image\" alt=\"\" style=\"max-width:113px;max-height:113px;\" srcset=\"https:\/\/ecolesaintetherese-sodt.fr\/wp-content\/uploads\/2022\/10\/6-1-150x150.jpg 150w, https:\/\/ecolesaintetherese-sodt.fr\/wp-content\/uploads\/2022\/10\/6-1-300x300.jpg 300w\" sizes=\"auto, (max-width: 150px) 100vw, 150px\" \/><\/div><a class=\"wp-block-latest-posts__post-title\" href=\"https:\/\/ecolesaintetherese-sodt.fr\/index.php\/2022\/10\/21\/mets-tes-baskets-et-bats-la-maladie\/\">Mets tes baskets et bats la maladie !<\/a><time datetime=\"2022-10-21T18:25:05+02:00\" class=\"wp-block-latest-posts__post-date\">21 octobre 2022<\/time><div class=\"wp-block-latest-posts__post-excerpt\">Tous les enfants \u00e9taient mobilis\u00e9s pour l&rsquo;association ELA aujourd&rsquo;hui. Ils ont march\u00e9, couru, donn\u00e9 le meilleur d&rsquo;eux-m\u00eames ! Gr\u00e2ce \u00e0 vos dons, ce sont 406 \u20ac r\u00e9colt\u00e9s et remis \u00e0 l&rsquo;Association ELA contre les leucodystrophies.<\/div><\/li>\n<li><div class=\"wp-block-latest-posts__featured-image alignleft\"><img loading=\"lazy\" decoding=\"async\" width=\"150\" height=\"150\" src=\"https:\/\/ecolesaintetherese-sodt.fr\/wp-content\/uploads\/2022\/10\/IMG-20221018-WA0002-150x150.jpg\" class=\"attachment-thumbnail size-thumbnail wp-post-image\" alt=\"\" style=\"max-width:113px;max-height:113px;\" srcset=\"https:\/\/ecolesaintetherese-sodt.fr\/wp-content\/uploads\/2022\/10\/IMG-20221018-WA0002-150x150.jpg 150w, https:\/\/ecolesaintetherese-sodt.fr\/wp-content\/uploads\/2022\/10\/IMG-20221018-WA0002-300x300.jpg 300w\" sizes=\"auto, (max-width: 150px) 100vw, 150px\" \/><\/div><a class=\"wp-block-latest-posts__post-title\" href=\"https:\/\/ecolesaintetherese-sodt.fr\/index.php\/2022\/10\/18\/operation-pressage-de-pommes\/\">Op\u00e9ration pressage de pommes<\/a><time datetime=\"2022-10-18T18:52:00+02:00\" class=\"wp-block-latest-posts__post-date\">18 octobre 2022<\/time><div class=\"wp-block-latest-posts__post-excerpt\">Mardi 18 octobre avait lieu le pressage de pommes r\u00e9colt\u00e9es par des enfants, parents, papis, mamies&#8230; Une belle r\u00e9colte qui a permis de produire 900 litres de jus de pommes. Les enfants \u00e9taient ravis de participer \u00e0 cette op\u00e9ration. Merci \u00e0 tous pour votre participation !<\/div><\/li>\n<li><div class=\"wp-block-latest-posts__featured-image alignleft\"><img loading=\"lazy\" decoding=\"async\" width=\"150\" height=\"150\" src=\"https:\/\/ecolesaintetherese-sodt.fr\/wp-content\/uploads\/2022\/10\/20220923_103335-4-150x150.jpg\" class=\"attachment-thumbnail size-thumbnail wp-post-image\" alt=\"\" style=\"max-width:113px;max-height:113px;\" srcset=\"https:\/\/ecolesaintetherese-sodt.fr\/wp-content\/uploads\/2022\/10\/20220923_103335-4-150x150.jpg 150w, https:\/\/ecolesaintetherese-sodt.fr\/wp-content\/uploads\/2022\/10\/20220923_103335-4-300x300.jpg 300w\" sizes=\"auto, (max-width: 150px) 100vw, 150px\" \/><\/div><a class=\"wp-block-latest-posts__post-title\" href=\"https:\/\/ecolesaintetherese-sodt.fr\/index.php\/2022\/09\/24\/ensemble-nettoyons-la-nature\/\">Ensemble, nettoyons la nature !<\/a><time datetime=\"2022-09-24T21:16:00+02:00\" class=\"wp-block-latest-posts__post-date\">24 septembre 2022<\/time><div class=\"wp-block-latest-posts__post-excerpt\">Le vendredi 23 septembre, les enfants de l&rsquo;\u00e9cole se sont \u00e9quip\u00e9s de gants et de chasubles pour aller nettoyer certains espaces de la commune : les alentours de l&rsquo;\u00e9tang, de l&rsquo;\u00e9cole, des terrains de foot, certains quartiers&#8230; Les GS et CP ont tri\u00e9 les d\u00e9chets r\u00e9colt\u00e9s et sont all\u00e9s au centre de tri pour les d\u00e9poser. Un acte de civisme [&hellip;]<\/div><\/li>\n<li><div class=\"wp-block-latest-posts__featured-image alignleft\"><img loading=\"lazy\" decoding=\"async\" width=\"150\" height=\"150\" src=\"https:\/\/ecolesaintetherese-sodt.fr\/wp-content\/uploads\/2022\/09\/PXL_20220902_071319546.MP-Copie-1-150x150.jpg\" class=\"attachment-thumbnail size-thumbnail wp-post-image\" alt=\"\" style=\"max-width:113px;max-height:113px;\" srcset=\"https:\/\/ecolesaintetherese-sodt.fr\/wp-content\/uploads\/2022\/09\/PXL_20220902_071319546.MP-Copie-1-150x150.jpg 150w, https:\/\/ecolesaintetherese-sodt.fr\/wp-content\/uploads\/2022\/09\/PXL_20220902_071319546.MP-Copie-1-300x300.jpg 300w\" sizes=\"auto, (max-width: 150px) 100vw, 150px\" \/><\/div><a class=\"wp-block-latest-posts__post-title\" href=\"https:\/\/ecolesaintetherese-sodt.fr\/index.php\/2022\/09\/15\/rentree-chez-les-ps-ms\/\">Rentr\u00e9e chez les PS-MS<\/a><time datetime=\"2022-09-15T17:42:57+02:00\" class=\"wp-block-latest-posts__post-date\">15 septembre 2022<\/time><div class=\"wp-block-latest-posts__post-excerpt\">Pour cette rentr\u00e9e nous sommes 29 \u00e9l\u00e8ves dans la classe. 12 MS, 16 PS et un TPS.Florence Ronceray (Asem) est l\u00e0 pour aider l&rsquo;enseignante Sophie Haffray.Apr\u00e8s la d\u00e9couverte de la classe et ses activit\u00e9s vient enfin l&rsquo;heure de la r\u00e9cr\u00e9ation.<\/div><\/li>\n<li><div class=\"wp-block-latest-posts__featured-image alignleft\"><img loading=\"lazy\" decoding=\"async\" width=\"150\" height=\"150\" src=\"https:\/\/ecolesaintetherese-sodt.fr\/wp-content\/uploads\/2022\/08\/image0027-1-150x150.jpg\" class=\"attachment-thumbnail size-thumbnail wp-post-image\" alt=\"\" style=\"max-width:113px;max-height:113px;\" srcset=\"https:\/\/ecolesaintetherese-sodt.fr\/wp-content\/uploads\/2022\/08\/image0027-1-150x150.jpg 150w, https:\/\/ecolesaintetherese-sodt.fr\/wp-content\/uploads\/2022\/08\/image0027-1-300x300.jpg 300w\" sizes=\"auto, (max-width: 150px) 100vw, 150px\" \/><\/div><a class=\"wp-block-latest-posts__post-title\" href=\"https:\/\/ecolesaintetherese-sodt.fr\/index.php\/2022\/05\/09\/spectacle-le-jardin-de-clement\/\">Spectacle Le jardin de Cl\u00e9ment<\/a><time datetime=\"2022-05-09T15:51:00+02:00\" class=\"wp-block-latest-posts__post-date\">9 mai 2022<\/time><div class=\"wp-block-latest-posts__post-excerpt\">Dans le cadre de notre th\u00e8me de l&rsquo;ann\u00e9e \u00ab\u00a0M\u00e9tamorph&rsquo;Ose\u00a0\u00bb, Damien Leclerc a pr\u00e9sent\u00e9 une animation intinul\u00e9e \u00ab\u00a0Le jardin de Cl\u00e9ment\u00a0\u00bb<\/div><\/li>\n<\/ul>\n\n\n<p><\/p>\n","protected":false},"excerpt":{"rendered":"<p>Les \u00e9l\u00e8ves de petite, moyenne et grande section \u00e9voluent \u00e0 leur rythme tout au long du cycle 1. Le bien-\u00eatre de l&rsquo;enfant est la priorit\u00e9. Les apprentissages n&rsquo;en sont que plus porteurs. Les ateliers propos\u00e9s sont vari\u00e9s et permettent de d\u00e9velopper des comp\u00e9tences individuelles motrices, langagi\u00e8res, logico-math\u00e9matiques ainsi que le savoir-vivre en groupe. L&rsquo;enseignante ayant v\u00e9cu dans divers pays anglophones [&hellip;]<\/p>\n","protected":false},"author":1,"featured_media":0,"parent":0,"menu_order":0,"comment_status":"closed","ping_status":"closed","template":"","meta":{"footnotes":""},"class_list":["post-95","page","type-page","status-publish","hentry"],"_links":{"self":[{"href":"https:\/\/ecolesaintetherese-sodt.fr\/index.php\/wp-json\/wp\/v2\/pages\/95","targetHints":{"allow":["GET"]}}],"collection":[{"href":"https:\/\/ecolesaintetherese-sodt.fr\/index.php\/wp-json\/wp\/v2\/pages"}],"about":[{"href":"https:\/\/ecolesaintetherese-sodt.fr\/index.php\/wp-json\/wp\/v2\/types\/page"}],"author":[{"embeddable":true,"href":"https:\/\/ecolesaintetherese-sodt.fr\/index.php\/wp-json\/wp\/v2\/users\/1"}],"replies":[{"embeddable":true,"href":"https:\/\/ecolesaintetherese-sodt.fr\/index.php\/wp-json\/wp\/v2\/comments?post=95"}],"version-history":[{"count":22,"href":"https:\/\/ecolesaintetherese-sodt.fr\/index.php\/wp-json\/wp\/v2\/pages\/95\/revisions"}],"predecessor-version":[{"id":8056,"href":"https:\/\/ecolesaintetherese-sodt.fr\/index.php\/wp-json\/wp\/v2\/pages\/95\/revisions\/8056"}],"wp:attachment":[{"href":"https:\/\/ecolesaintetherese-sodt.fr\/index.php\/wp-json\/wp\/v2\/media?parent=95"}],"curies":[{"name":"wp","href":"https:\/\/api.w.org\/{rel}","templated":true}]}}