{"id":132,"date":"2022-07-21T15:14:04","date_gmt":"2022-07-21T13:14:04","guid":{"rendered":"https:\/\/ecolesaintetherese-sodt.fr\/?page_id=132"},"modified":"2026-04-01T17:21:08","modified_gmt":"2026-04-01T15:21:08","slug":"projet-pastoral","status":"publish","type":"page","link":"https:\/\/ecolesaintetherese-sodt.fr\/index.php\/projet-pastoral\/","title":{"rendered":"Projet \u00e9ducatif"},"content":{"rendered":"\n<figure class=\"wp-block-gallery has-nested-images columns-default is-cropped wp-block-gallery-1 is-layout-flex wp-block-gallery-is-layout-flex\">\n<figure class=\"wp-block-image size-large\"><img loading=\"lazy\" decoding=\"async\" width=\"2000\" height=\"1545\" data-id=\"8795\" src=\"https:\/\/ecolesaintetherese-sodt.fr\/wp-content\/uploads\/2026\/04\/1-1024x791.jpg\" alt=\"\" class=\"wp-image-8795\" srcset=\"https:\/\/ecolesaintetherese-sodt.fr\/wp-content\/uploads\/2026\/04\/1-1024x791.jpg 1024w, https:\/\/ecolesaintetherese-sodt.fr\/wp-content\/uploads\/2026\/04\/1-300x232.jpg 300w, https:\/\/ecolesaintetherese-sodt.fr\/wp-content\/uploads\/2026\/04\/1-768x593.jpg 768w, https:\/\/ecolesaintetherese-sodt.fr\/wp-content\/uploads\/2026\/04\/1-1536x1187.jpg 1536w, https:\/\/ecolesaintetherese-sodt.fr\/wp-content\/uploads\/2026\/04\/1.jpg 2000w\" sizes=\"auto, (max-width: 2000px) 100vw, 2000px\" \/><\/figure>\n<\/figure>\n\n\n\n<figure class=\"wp-block-gallery has-nested-images columns-default is-cropped wp-block-gallery-2 is-layout-flex wp-block-gallery-is-layout-flex\">\n<figure class=\"wp-block-image size-large\"><img loading=\"lazy\" decoding=\"async\" width=\"1024\" height=\"791\" data-id=\"8796\" src=\"https:\/\/ecolesaintetherese-sodt.fr\/wp-content\/uploads\/2026\/04\/2-1024x791.jpg\" alt=\"\" class=\"wp-image-8796\" srcset=\"https:\/\/ecolesaintetherese-sodt.fr\/wp-content\/uploads\/2026\/04\/2-1024x791.jpg 1024w, https:\/\/ecolesaintetherese-sodt.fr\/wp-content\/uploads\/2026\/04\/2-300x232.jpg 300w, https:\/\/ecolesaintetherese-sodt.fr\/wp-content\/uploads\/2026\/04\/2-768x593.jpg 768w, https:\/\/ecolesaintetherese-sodt.fr\/wp-content\/uploads\/2026\/04\/2-1536x1187.jpg 1536w, https:\/\/ecolesaintetherese-sodt.fr\/wp-content\/uploads\/2026\/04\/2.jpg 2000w\" sizes=\"auto, (max-width: 1024px) 100vw, 1024px\" \/><\/figure>\n<\/figure>\n\n\n\n<h2 class=\"wp-block-heading\"><strong>L&rsquo;\u00e9cole dehors<\/strong><\/h2>\n\n\n\n<div class=\"wp-block-columns are-vertically-aligned-center is-layout-flex wp-container-core-columns-is-layout-9d6595d7 wp-block-columns-is-layout-flex\">\n<div class=\"wp-block-column is-vertically-aligned-center is-layout-flow wp-block-column-is-layout-flow\" style=\"flex-basis:50%\">\n<p class=\"has-text-align-left\">Toutes les enseignantes de l&rsquo;\u00e9cole Sainte Th\u00e9r\u00e8se sont form\u00e9es \u00e0 l&rsquo;<strong><em>\u00e9cole du dehors<\/em><\/strong> aupr\u00e8s d&rsquo;animateurs formateurs nature environnement patrimoine. Les avantages de l&rsquo;\u00e9cole du dehors sont nombreux : au-del\u00e0 de la coh\u00e9sion avec la nature, les enfants vont d\u00e9velopper leurs fonctions sensorielles, s&rsquo;\u00e9veiller, bouger, travailler, manipuler, cr\u00e9er\u2026 Si l\u2019exp\u00e9rience de la classe dehors fixe les apprentissages en sollicitant la <strong>m\u00e9moire \u00e9motionnelle et sensorielle<\/strong>, elle favorise aussi la <strong>mobilit\u00e9<\/strong>, un \u00e9l\u00e9ment essentiel pour apprendre et m\u00e9moriser. Une s\u00e9ance de math\u00e9matiques, de fran\u00e7ais, de sciences ou d&rsquo;art \u00e0 travers un environnement calme, reposant et riche. La t\u00eate, la main, le c\u0153ur : les 3 fondements de l&rsquo;\u00e9cole du dehors.<\/p>\n\n\n\n<p>Les <strong>classes d\u00e9couvertes<\/strong> sont un prolongement de l&rsquo;\u00e9cole du dehors, une exp\u00e9rience riche et constructive qui m\u00e8ne \u00e0 l&rsquo;\u00e9panouissement de l&rsquo;enfant. Les \u00e9l\u00e8ves de cycle 1 partent pour 2 jours, un premier s\u00e9jour qui permet de quitter la maison, papa, maman&#8230; et ainsi de grandir ! C&rsquo;est aussi l&rsquo;occasion de pr\u00e9parer un s\u00e9jour plus long pour les \u00e9l\u00e8ves de cycle de 2 et 3.<\/p>\n\n\n\n<figure class=\"wp-block-gallery has-nested-images columns-default is-cropped is-style-rectangular wp-block-gallery-3 is-layout-flex wp-block-gallery-is-layout-flex\">\n<figure class=\"wp-block-image size-large\"><img loading=\"lazy\" decoding=\"async\" width=\"1024\" height=\"771\" data-id=\"7861\" src=\"https:\/\/ecolesaintetherese-sodt.fr\/wp-content\/uploads\/2026\/01\/1767697110070-1-1024x771.jpg\" alt=\"\" class=\"wp-image-7861\" srcset=\"https:\/\/ecolesaintetherese-sodt.fr\/wp-content\/uploads\/2026\/01\/1767697110070-1-1024x771.jpg 1024w, https:\/\/ecolesaintetherese-sodt.fr\/wp-content\/uploads\/2026\/01\/1767697110070-1-300x226.jpg 300w, https:\/\/ecolesaintetherese-sodt.fr\/wp-content\/uploads\/2026\/01\/1767697110070-1-768x578.jpg 768w, https:\/\/ecolesaintetherese-sodt.fr\/wp-content\/uploads\/2026\/01\/1767697110070-1-1536x1157.jpg 1536w, https:\/\/ecolesaintetherese-sodt.fr\/wp-content\/uploads\/2026\/01\/1767697110070-1-2048x1542.jpg 2048w\" sizes=\"auto, (max-width: 1024px) 100vw, 1024px\" \/><\/figure>\n\n\n\n<figure class=\"wp-block-image size-large\"><img loading=\"lazy\" decoding=\"async\" width=\"771\" height=\"1024\" data-id=\"7866\" src=\"https:\/\/ecolesaintetherese-sodt.fr\/wp-content\/uploads\/2026\/01\/Mesures-dune-haie-bocagere.jpg\" alt=\"\" class=\"wp-image-7866\" srcset=\"https:\/\/ecolesaintetherese-sodt.fr\/wp-content\/uploads\/2026\/01\/Mesures-dune-haie-bocagere.jpg 771w, https:\/\/ecolesaintetherese-sodt.fr\/wp-content\/uploads\/2026\/01\/Mesures-dune-haie-bocagere-226x300.jpg 226w, https:\/\/ecolesaintetherese-sodt.fr\/wp-content\/uploads\/2026\/01\/Mesures-dune-haie-bocagere-768x1020.jpg 768w\" sizes=\"auto, (max-width: 771px) 100vw, 771px\" \/><\/figure>\n\n\n\n<figure class=\"wp-block-image size-large\"><img loading=\"lazy\" decoding=\"async\" width=\"539\" height=\"1024\" data-id=\"7867\" src=\"https:\/\/ecolesaintetherese-sodt.fr\/wp-content\/uploads\/2026\/01\/lecture-classe-dehors-539x1024.jpg\" alt=\"\" class=\"wp-image-7867\" srcset=\"https:\/\/ecolesaintetherese-sodt.fr\/wp-content\/uploads\/2026\/01\/lecture-classe-dehors-539x1024.jpg 539w, https:\/\/ecolesaintetherese-sodt.fr\/wp-content\/uploads\/2026\/01\/lecture-classe-dehors-158x300.jpg 158w, https:\/\/ecolesaintetherese-sodt.fr\/wp-content\/uploads\/2026\/01\/lecture-classe-dehors.jpg 766w\" sizes=\"auto, (max-width: 539px) 100vw, 539px\" \/><\/figure>\n\n\n\n<figure class=\"wp-block-image size-large\"><img loading=\"lazy\" decoding=\"async\" width=\"1024\" height=\"771\" data-id=\"7868\" src=\"https:\/\/ecolesaintetherese-sodt.fr\/wp-content\/uploads\/2026\/01\/1733301128930-Copie-1024x771.jpg\" alt=\"\" class=\"wp-image-7868\" srcset=\"https:\/\/ecolesaintetherese-sodt.fr\/wp-content\/uploads\/2026\/01\/1733301128930-Copie-1024x771.jpg 1024w, https:\/\/ecolesaintetherese-sodt.fr\/wp-content\/uploads\/2026\/01\/1733301128930-Copie-300x226.jpg 300w, https:\/\/ecolesaintetherese-sodt.fr\/wp-content\/uploads\/2026\/01\/1733301128930-Copie-768x578.jpg 768w, https:\/\/ecolesaintetherese-sodt.fr\/wp-content\/uploads\/2026\/01\/1733301128930-Copie-1536x1157.jpg 1536w, https:\/\/ecolesaintetherese-sodt.fr\/wp-content\/uploads\/2026\/01\/1733301128930-Copie-2048x1542.jpg 2048w\" sizes=\"auto, (max-width: 1024px) 100vw, 1024px\" \/><\/figure>\n<\/figure>\n<\/div>\n<\/div>\n\n\n\n<figure class=\"wp-block-gallery has-nested-images columns-default is-cropped wp-block-gallery-4 is-layout-flex wp-block-gallery-is-layout-flex\"><\/figure>\n\n\n\n<h2 class=\"wp-block-heading\"><strong>Projet pastoral<\/strong><\/h2>\n\n\n\n<hr class=\"wp-block-separator has-alpha-channel-opacity\"\/>\n\n\n\n<p>L\u2019\u00e9cole Sainte Th\u00e9r\u00e8se est ouverte \u00e0 tous, <strong>respectueuse des diff\u00e9rences<\/strong>. Elle ambitionne de placer au c\u0153ur de son projet \u00e9ducatif le partage des valeurs chr\u00e9tiennes : l&rsquo;accueil de tous, le respect de l\u2019autre, les relations fraternelles, la confiance, le pardon etc.<\/p>\n\n\n\n<p>L\u2018\u00e9cole, dans le <strong>respect du choix des parents<\/strong>, propose de faire d\u00e9couvrir la vie de J\u00e9sus. L\u2019\u00e9quipe enseignante pr\u00e9pare les enfants qui le souhaitent aux sacrements (premi\u00e8re communion) sous la directive de la communaut\u00e9 paroissiale de Saint Bernard de Clermont.<\/p>\n\n\n\n<p>L&rsquo;\u00e9cole propose \u00e9galement de s&rsquo;ouvrir aux autres religions, en d\u00e9veloppant la culture religieuse des enfants. Il s\u2019agit d\u2019une d\u00e9marche avant tout bas\u00e9e sur la connaissance intellectuelle (culture personnelle). C\u2019est <strong>ouvrir son esprit, \u00e9veiller sa curiosit\u00e9<\/strong>\u2026 Grandir en spiritualit\u00e9 !<\/p>\n\n\n\n<figure class=\"wp-block-gallery has-nested-images columns-default is-cropped wp-block-gallery-5 is-layout-flex wp-block-gallery-is-layout-flex\">\n<figure class=\"wp-block-image size-full\"><img loading=\"lazy\" decoding=\"async\" width=\"1928\" height=\"2560\" data-id=\"8050\" src=\"https:\/\/ecolesaintetherese-sodt.fr\/wp-content\/uploads\/2026\/01\/1768915681875-scaled.jpg\" alt=\"\" class=\"wp-image-8050\" srcset=\"https:\/\/ecolesaintetherese-sodt.fr\/wp-content\/uploads\/2026\/01\/1768915681875-scaled.jpg 1928w, https:\/\/ecolesaintetherese-sodt.fr\/wp-content\/uploads\/2026\/01\/1768915681875-226x300.jpg 226w, https:\/\/ecolesaintetherese-sodt.fr\/wp-content\/uploads\/2026\/01\/1768915681875-771x1024.jpg 771w, https:\/\/ecolesaintetherese-sodt.fr\/wp-content\/uploads\/2026\/01\/1768915681875-768x1020.jpg 768w, https:\/\/ecolesaintetherese-sodt.fr\/wp-content\/uploads\/2026\/01\/1768915681875-1157x1536.jpg 1157w, https:\/\/ecolesaintetherese-sodt.fr\/wp-content\/uploads\/2026\/01\/1768915681875-1542x2048.jpg 1542w\" sizes=\"auto, (max-width: 1928px) 100vw, 1928px\" \/><figcaption class=\"wp-element-caption\">Une \u00e9toile qui s&rsquo;illumine lors de la c\u00e9l\u00e9bration de No\u00ebl pr\u00e9par\u00e9e par les enseignantes et les enfants, le vendredi 15 d\u00e9cembre 2024 \u00e0 l&rsquo;\u00e9glise de St-Ouen-des-Toits.<\/figcaption><\/figure>\n<\/figure>\n\n\n\n<h2 class=\"wp-block-heading\"><strong>Une identit\u00e9 visuelle r\u00e9fl\u00e9chie, fruit des \u00e9changes entre l&rsquo;ensemble de la communaut\u00e9 \u00e9ducative<\/strong><\/h2>\n\n\n\n<figure class=\"wp-block-image size-full\"><img loading=\"lazy\" decoding=\"async\" width=\"696\" height=\"359\" src=\"https:\/\/ecolesaintetherese-sodt.fr\/wp-content\/uploads\/2026\/04\/Visite-de-tutelle.jpg\" alt=\"\" class=\"wp-image-8806\" srcset=\"https:\/\/ecolesaintetherese-sodt.fr\/wp-content\/uploads\/2026\/04\/Visite-de-tutelle.jpg 696w, https:\/\/ecolesaintetherese-sodt.fr\/wp-content\/uploads\/2026\/04\/Visite-de-tutelle-300x155.jpg 300w\" sizes=\"auto, (max-width: 696px) 100vw, 696px\" \/><\/figure>\n","protected":false},"excerpt":{"rendered":"<p>L&rsquo;\u00e9cole dehors Toutes les enseignantes de l&rsquo;\u00e9cole Sainte Th\u00e9r\u00e8se sont form\u00e9es \u00e0 l&rsquo;\u00e9cole du dehors aupr\u00e8s d&rsquo;animateurs formateurs nature environnement patrimoine. Les avantages de l&rsquo;\u00e9cole du dehors sont nombreux : au-del\u00e0 de la coh\u00e9sion avec la nature, les enfants vont d\u00e9velopper leurs fonctions sensorielles, s&rsquo;\u00e9veiller, bouger, travailler, manipuler, cr\u00e9er\u2026 Si l\u2019exp\u00e9rience de la classe dehors fixe les apprentissages en sollicitant [&hellip;]<\/p>\n","protected":false},"author":1,"featured_media":0,"parent":0,"menu_order":0,"comment_status":"closed","ping_status":"closed","template":"","meta":{"footnotes":""},"class_list":["post-132","page","type-page","status-publish","hentry"],"_links":{"self":[{"href":"https:\/\/ecolesaintetherese-sodt.fr\/index.php\/wp-json\/wp\/v2\/pages\/132","targetHints":{"allow":["GET"]}}],"collection":[{"href":"https:\/\/ecolesaintetherese-sodt.fr\/index.php\/wp-json\/wp\/v2\/pages"}],"about":[{"href":"https:\/\/ecolesaintetherese-sodt.fr\/index.php\/wp-json\/wp\/v2\/types\/page"}],"author":[{"embeddable":true,"href":"https:\/\/ecolesaintetherese-sodt.fr\/index.php\/wp-json\/wp\/v2\/users\/1"}],"replies":[{"embeddable":true,"href":"https:\/\/ecolesaintetherese-sodt.fr\/index.php\/wp-json\/wp\/v2\/comments?post=132"}],"version-history":[{"count":39,"href":"https:\/\/ecolesaintetherese-sodt.fr\/index.php\/wp-json\/wp\/v2\/pages\/132\/revisions"}],"predecessor-version":[{"id":8808,"href":"https:\/\/ecolesaintetherese-sodt.fr\/index.php\/wp-json\/wp\/v2\/pages\/132\/revisions\/8808"}],"wp:attachment":[{"href":"https:\/\/ecolesaintetherese-sodt.fr\/index.php\/wp-json\/wp\/v2\/media?parent=132"}],"curies":[{"name":"wp","href":"https:\/\/api.w.org\/{rel}","templated":true}]}}