{"id":105,"date":"2022-07-21T14:28:46","date_gmt":"2022-07-21T12:28:46","guid":{"rendered":"https:\/\/ecolesaintetherese-sodt.fr\/?page_id=105"},"modified":"2025-10-22T11:19:12","modified_gmt":"2025-10-22T09:19:12","slug":"cours-moyen","status":"publish","type":"page","link":"https:\/\/ecolesaintetherese-sodt.fr\/index.php\/cours-moyen\/","title":{"rendered":"CM1 et CM2"},"content":{"rendered":"\n<p>La classe de CM1-CM2 est compos\u00e9e de 20 \u00e9l\u00e8ves. Elle est dirig\u00e9e par Mme Da Silva et Mme Gazzola (le vendredi apr\u00e8s la Toussaint).<\/p>\n\n\n\n<p>Le grand axe de cette ann\u00e9e est l&rsquo;apprentissage de l&rsquo;autonomie et l&rsquo;organisation dans le travail. Les \u00e9l\u00e8ves b\u00e9n\u00e9ficient de s\u00e9ances d&rsquo;Anglais anim\u00e9es par Mme Haffray qui, apr\u00e8s avoir v\u00e9cu et enseign\u00e9 plusieurs ann\u00e9es \u00e0 l&rsquo;\u00e9tranger (Australie, Irlande, Angleterre et Canada), fait partager ses connaissances aux \u00e9l\u00e8ves. Le professeur d&rsquo;allemand du coll\u00e8ge de secteur vient, lui aussi, assurer une initiation linguistique. <\/p>\n\n\n\n<p>Un temps d&rsquo;APC (accompagnement personnalis\u00e9 compl\u00e9mentaire) le mardi de 16h30 \u00e0 17h30 est propos\u00e9 aux \u00e9l\u00e8ves afin d&rsquo;aider ceux en difficult\u00e9s mais aussi d&rsquo;accompagner les \u00e9l\u00e8ves plus loin dans leur apprentissage.<\/p>\n\n\n\n<p>Les diverses rencontres organis\u00e9es avec le r\u00e9seau Heptalie, permettent aux enfants de se connaitre entre \u00e9coles et de moins appr\u00e9hender la rentr\u00e9e au coll\u00e8ge Notre Dame de Saint-Pierre-La-Cour.<\/p>\n\n\n\n<h5 class=\"wp-block-heading\">Derni\u00e8res actualit\u00e9s pour les CM1 et CM2<\/h5>\n\n\n<ul class=\"wp-block-latest-posts__list has-dates wp-block-latest-posts\"><li><div class=\"wp-block-latest-posts__featured-image alignleft\"><img loading=\"lazy\" decoding=\"async\" width=\"150\" height=\"150\" src=\"https:\/\/ecolesaintetherese-sodt.fr\/wp-content\/uploads\/2026\/03\/Photo-de-Nathalie-Brault-70-150x150.jpg\" class=\"attachment-thumbnail size-thumbnail wp-post-image\" alt=\"\" style=\"max-width:113px;max-height:113px;\" srcset=\"https:\/\/ecolesaintetherese-sodt.fr\/wp-content\/uploads\/2026\/03\/Photo-de-Nathalie-Brault-70-150x150.jpg 150w, https:\/\/ecolesaintetherese-sodt.fr\/wp-content\/uploads\/2026\/03\/Photo-de-Nathalie-Brault-70-300x300.jpg 300w\" sizes=\"auto, (max-width: 150px) 100vw, 150px\" \/><\/div><a class=\"wp-block-latest-posts__post-title\" href=\"https:\/\/ecolesaintetherese-sodt.fr\/index.php\/2026\/03\/23\/au-fil-de-leau-2\/\">Au fil de l&rsquo;eau<\/a><time datetime=\"2026-03-23T14:53:43+01:00\" class=\"wp-block-latest-posts__post-date\">23 mars 2026<\/time><div class=\"wp-block-latest-posts__post-excerpt\">Nous avons de nouveau fait appel \u00e0 Mayenne Nature Environnement, avec l&rsquo;intervention de Guillaume notamment. Au fur et \u00e0 mesure des \u00e9changes et des r\u00e9ponses apport\u00e9es par les enfants aux questionnements de Guillaume, celui-ci a pu repr\u00e9senter au tableau les r\u00e9ponses des enfants en les dessinant. Le cycle de l&rsquo;eau est apparu dans son ensemble. La 2\u00e8 partie de l&rsquo;animation [&hellip;]<\/div><\/li>\n<li><div class=\"wp-block-latest-posts__featured-image alignleft\"><img loading=\"lazy\" decoding=\"async\" width=\"150\" height=\"150\" src=\"https:\/\/ecolesaintetherese-sodt.fr\/wp-content\/uploads\/2026\/03\/1772882381328-150x150.jpg\" class=\"attachment-thumbnail size-thumbnail wp-post-image\" alt=\"\" style=\"max-width:113px;max-height:113px;\" srcset=\"https:\/\/ecolesaintetherese-sodt.fr\/wp-content\/uploads\/2026\/03\/1772882381328-150x150.jpg 150w, https:\/\/ecolesaintetherese-sodt.fr\/wp-content\/uploads\/2026\/03\/1772882381328-300x300.jpg 300w\" sizes=\"auto, (max-width: 150px) 100vw, 150px\" \/><\/div><a class=\"wp-block-latest-posts__post-title\" href=\"https:\/\/ecolesaintetherese-sodt.fr\/index.php\/2026\/03\/07\/cest-parti-pour-les-echecs\/\">C&rsquo;est parti pour les \u00e9checs !<\/a><time datetime=\"2026-03-07T12:25:12+01:00\" class=\"wp-block-latest-posts__post-date\">7 mars 2026<\/time><div class=\"wp-block-latest-posts__post-excerpt\">Les \u00e9l\u00e8ves de GS \u00e0 CM2 sont initi\u00e9s aux \u00e9checs tout au long de la p\u00e9riode, l&rsquo;occasion de d\u00e9couvrir ou bien de perfectionner les strat\u00e9gies pour celles et ceux qui ont pratiqu\u00e9 l&rsquo;activit\u00e9 avec Alan sur les temps p\u00e9riscolaires.<\/div><\/li>\n<li><div class=\"wp-block-latest-posts__featured-image alignleft\"><img loading=\"lazy\" decoding=\"async\" width=\"150\" height=\"150\" src=\"https:\/\/ecolesaintetherese-sodt.fr\/wp-content\/uploads\/2026\/03\/1772878291570-150x150.jpg\" class=\"attachment-thumbnail size-thumbnail wp-post-image\" alt=\"\" style=\"max-width:113px;max-height:113px;\" srcset=\"https:\/\/ecolesaintetherese-sodt.fr\/wp-content\/uploads\/2026\/03\/1772878291570-150x150.jpg 150w, https:\/\/ecolesaintetherese-sodt.fr\/wp-content\/uploads\/2026\/03\/1772878291570-300x300.jpg 300w\" sizes=\"auto, (max-width: 150px) 100vw, 150px\" \/><\/div><a class=\"wp-block-latest-posts__post-title\" href=\"https:\/\/ecolesaintetherese-sodt.fr\/index.php\/2026\/03\/07\/plantation-de-haie\/\">Plantation d&rsquo;une haie<\/a><time datetime=\"2026-03-07T11:46:20+01:00\" class=\"wp-block-latest-posts__post-date\">7 mars 2026<\/time><div class=\"wp-block-latest-posts__post-excerpt\">Les enfants de CE et CM ont \u00e9t\u00e9 accueillis par la famille Gob\u00e9, aux Grandes M\u00e9tairies, afin de planter une haie compos\u00e9e de diff\u00e9rentes essences d&rsquo;arbres : orme, fr\u00eane, ch\u00e2taignier, aulne, merisier, bouleau, charme&#8230; Apr\u00e8s avoir \u00e9cout\u00e9 les explications de Monsieur Gob\u00e9 sur le r\u00f4le des haies, ils ont particip\u00e9 aux diff\u00e9rentes \u00e9tapes : m\u00e9langer les racines dans l&rsquo;eau et [&hellip;]<\/div><\/li>\n<li><div class=\"wp-block-latest-posts__featured-image alignleft\"><img loading=\"lazy\" decoding=\"async\" width=\"150\" height=\"150\" src=\"https:\/\/ecolesaintetherese-sodt.fr\/wp-content\/uploads\/2026\/03\/1772820111074-150x150.jpg\" class=\"attachment-thumbnail size-thumbnail wp-post-image\" alt=\"\" style=\"max-width:113px;max-height:113px;\" srcset=\"https:\/\/ecolesaintetherese-sodt.fr\/wp-content\/uploads\/2026\/03\/1772820111074-150x150.jpg 150w, https:\/\/ecolesaintetherese-sodt.fr\/wp-content\/uploads\/2026\/03\/1772820111074-300x300.jpg 300w\" sizes=\"auto, (max-width: 150px) 100vw, 150px\" \/><\/div><a class=\"wp-block-latest-posts__post-title\" href=\"https:\/\/ecolesaintetherese-sodt.fr\/index.php\/2026\/03\/07\/animation-mon-assiette-ma-planete\/\">Animation \u00ab\u00a0Mon assiette, ma plan\u00e8te\u00a0\u00bb<\/a><time datetime=\"2026-03-07T10:48:02+01:00\" class=\"wp-block-latest-posts__post-date\">7 mars 2026<\/time><div class=\"wp-block-latest-posts__post-excerpt\">Les enfants de CP \u00e0 CM2 ont interagi avec une di\u00e9t\u00e9ticienne et une animatrice de l&rsquo;association INTERBEV sur les th\u00e8mes de l\u2019\u00e9quilibre alimentaire, du d\u00e9veloppement durable et de l\u2019\u00e9levage en France.<\/div><\/li>\n<li><div class=\"wp-block-latest-posts__featured-image alignleft\"><img loading=\"lazy\" decoding=\"async\" width=\"150\" height=\"150\" src=\"https:\/\/ecolesaintetherese-sodt.fr\/wp-content\/uploads\/2026\/02\/Affiche-soiree-jeux-de-societe-150x150.jpg\" class=\"attachment-thumbnail size-thumbnail wp-post-image\" alt=\"\" style=\"max-width:113px;max-height:113px;\" srcset=\"https:\/\/ecolesaintetherese-sodt.fr\/wp-content\/uploads\/2026\/02\/Affiche-soiree-jeux-de-societe-150x150.jpg 150w, https:\/\/ecolesaintetherese-sodt.fr\/wp-content\/uploads\/2026\/02\/Affiche-soiree-jeux-de-societe-300x300.jpg 300w\" sizes=\"auto, (max-width: 150px) 100vw, 150px\" \/><\/div><a class=\"wp-block-latest-posts__post-title\" href=\"https:\/\/ecolesaintetherese-sodt.fr\/index.php\/2026\/02\/16\/portes-ouvertes-et-soiree-jeux-de-societe\/\">Portes ouvertes et Soir\u00e9e jeux de soci\u00e9t\u00e9<\/a><time datetime=\"2026-02-16T11:36:13+01:00\" class=\"wp-block-latest-posts__post-date\">16 f\u00e9vrier 2026<\/time><div class=\"wp-block-latest-posts__post-excerpt\">L&rsquo;\u00e9cole sera ouverte de 17 h \u00e0 19h pour les portes ouvertes le vendredi 27 mars de 17h \u00e0 19h. Une soir\u00e9e jeux de soci\u00e9t\u00e9 viendra compl\u00e9ter cette journ\u00e9e : apportez vos jeux et faites-les d\u00e9couvrir aux autres le temps d&rsquo;une soir\u00e9e. Convivialit\u00e9 et bonne humeur au programme !<\/div><\/li>\n<li><div class=\"wp-block-latest-posts__featured-image alignleft\"><img loading=\"lazy\" decoding=\"async\" width=\"150\" height=\"150\" src=\"https:\/\/ecolesaintetherese-sodt.fr\/wp-content\/uploads\/2026\/02\/1770549586199-150x150.jpg\" class=\"attachment-thumbnail size-thumbnail wp-post-image\" alt=\"\" style=\"max-width:113px;max-height:113px;\" srcset=\"https:\/\/ecolesaintetherese-sodt.fr\/wp-content\/uploads\/2026\/02\/1770549586199-150x150.jpg 150w, https:\/\/ecolesaintetherese-sodt.fr\/wp-content\/uploads\/2026\/02\/1770549586199-300x300.jpg 300w\" sizes=\"auto, (max-width: 150px) 100vw, 150px\" \/><\/div><a class=\"wp-block-latest-posts__post-title\" href=\"https:\/\/ecolesaintetherese-sodt.fr\/index.php\/2026\/02\/08\/une-cour-de-recre-plus-verte\/\">Une cour de r\u00e9cr\u00e9ation plus verte !<\/a><time datetime=\"2026-02-08T12:23:18+01:00\" class=\"wp-block-latest-posts__post-date\">8 f\u00e9vrier 2026<\/time><div class=\"wp-block-latest-posts__post-excerpt\">Le projet de r\u00e9flexion sur la cour de r\u00e9cr\u00e9ation prend forme au fur et \u00e0 mesure. Les espaces et propositions de jeux pour les enfants se multiplient &#8230; Jeux collectifs ou individuels, laissant libre cour \u00e0 l&rsquo;imagination&#8230; Le bien-\u00eatre des enfants, des besoins propres \u00e0 chacun&#8230;autant de leitmotivs qui orientent les r\u00e9flexions. L&rsquo;int\u00e9r\u00eat d&rsquo;un espace v\u00e9g\u00e9talis\u00e9 plus grand \u00e9tait aussi [&hellip;]<\/div><\/li>\n<li><div class=\"wp-block-latest-posts__featured-image alignleft\"><img loading=\"lazy\" decoding=\"async\" width=\"150\" height=\"150\" src=\"https:\/\/ecolesaintetherese-sodt.fr\/wp-content\/uploads\/2026\/02\/1770545428976-2-150x150.jpg\" class=\"attachment-thumbnail size-thumbnail wp-post-image\" alt=\"\" style=\"max-width:113px;max-height:113px;\" srcset=\"https:\/\/ecolesaintetherese-sodt.fr\/wp-content\/uploads\/2026\/02\/1770545428976-2-150x150.jpg 150w, https:\/\/ecolesaintetherese-sodt.fr\/wp-content\/uploads\/2026\/02\/1770545428976-2-300x300.jpg 300w\" sizes=\"auto, (max-width: 150px) 100vw, 150px\" \/><\/div><a class=\"wp-block-latest-posts__post-title\" href=\"https:\/\/ecolesaintetherese-sodt.fr\/index.php\/2026\/02\/05\/fous-de-foot\/\">Fous de foot !<\/a><time datetime=\"2026-02-05T12:03:38+01:00\" class=\"wp-block-latest-posts__post-date\">5 f\u00e9vrier 2026<\/time><div class=\"wp-block-latest-posts__post-excerpt\">Les \u00e9l\u00e8ves de CE de CM et les maitresses \ud83d\ude09 ont d\u00e9couvert les gestes moteurs et les r\u00e8gles essentielles du football gr\u00e2ce \u00e0 l&rsquo;intervention d&rsquo;Antoine MAUSSION et de Nolan, \u00e9ducateurs au club de St-Ouen, l&rsquo;Hermine St-Ouennaise. Des jeux de motricit\u00e9, des d\u00e9fis, des tournois, un quizz&#8230; Les enfants ont appr\u00e9ci\u00e9, progress\u00e9 tout au long de cette p\u00e9riode, le tout dans [&hellip;]<\/div><\/li>\n<li><div class=\"wp-block-latest-posts__featured-image alignleft\"><img loading=\"lazy\" decoding=\"async\" width=\"150\" height=\"150\" src=\"https:\/\/ecolesaintetherese-sodt.fr\/wp-content\/uploads\/2026\/01\/Affiche-comedie-musicale-Le-roi-lion-150x150.jpg\" class=\"attachment-thumbnail size-thumbnail wp-post-image\" alt=\"\" style=\"max-width:113px;max-height:113px;\" srcset=\"https:\/\/ecolesaintetherese-sodt.fr\/wp-content\/uploads\/2026\/01\/Affiche-comedie-musicale-Le-roi-lion-150x150.jpg 150w, https:\/\/ecolesaintetherese-sodt.fr\/wp-content\/uploads\/2026\/01\/Affiche-comedie-musicale-Le-roi-lion-300x300.jpg 300w\" sizes=\"auto, (max-width: 150px) 100vw, 150px\" \/><\/div><a class=\"wp-block-latest-posts__post-title\" href=\"https:\/\/ecolesaintetherese-sodt.fr\/index.php\/2026\/01\/20\/une-comedie-musicale-comme-objectif-du-chant-choral\/\">Une com\u00e9die musicale comme objectif du chant choral !<\/a><time datetime=\"2026-01-20T14:12:54+01:00\" class=\"wp-block-latest-posts__post-date\">20 janvier 2026<\/time><div class=\"wp-block-latest-posts__post-excerpt\">Les \u00e9l\u00e8ves de CE-CM sont impliqu\u00e9s dans un projet chant choral dont on ne compte plus les comp\u00e9tences et les qualit\u00e9s n\u00e9cessaires : rigueur, m\u00e9morisation, posture\u2026 Pour cette 3\u00e8 ann\u00e9e cons\u00e9cutive, le chant et la danse pour cette ann\u00e9e, sont inscrits \u00e0 l&#8217;emploi du temps. L&rsquo;objectif est de se produire sur sc\u00e8ne afin d&rsquo;y pr\u00e9senter la com\u00e9die musicale du Roi [&hellip;]<\/div><\/li>\n<li><div class=\"wp-block-latest-posts__featured-image alignleft\"><img loading=\"lazy\" decoding=\"async\" width=\"150\" height=\"150\" src=\"https:\/\/ecolesaintetherese-sodt.fr\/wp-content\/uploads\/2026\/01\/Voeux-Noel-2025-150x150.jpg\" class=\"attachment-thumbnail size-thumbnail wp-post-image\" alt=\"\" style=\"max-width:113px;max-height:113px;\" srcset=\"https:\/\/ecolesaintetherese-sodt.fr\/wp-content\/uploads\/2026\/01\/Voeux-Noel-2025-150x150.jpg 150w, https:\/\/ecolesaintetherese-sodt.fr\/wp-content\/uploads\/2026\/01\/Voeux-Noel-2025-300x300.jpg 300w, https:\/\/ecolesaintetherese-sodt.fr\/wp-content\/uploads\/2026\/01\/Voeux-Noel-2025-1024x1024.jpg 1024w, https:\/\/ecolesaintetherese-sodt.fr\/wp-content\/uploads\/2026\/01\/Voeux-Noel-2025-768x768.jpg 768w, https:\/\/ecolesaintetherese-sodt.fr\/wp-content\/uploads\/2026\/01\/Voeux-Noel-2025.jpg 1080w\" sizes=\"auto, (max-width: 150px) 100vw, 150px\" \/><\/div><a class=\"wp-block-latest-posts__post-title\" href=\"https:\/\/ecolesaintetherese-sodt.fr\/index.php\/2025\/12\/19\/de-belles-fetes-de-fin-dannee\/\">De belles f\u00eates de fin d&rsquo;ann\u00e9e<\/a><time datetime=\"2025-12-19T14:20:28+01:00\" class=\"wp-block-latest-posts__post-date\">19 d\u00e9cembre 2025<\/time><div class=\"wp-block-latest-posts__post-excerpt\"><\/div><\/li>\n<li><div class=\"wp-block-latest-posts__featured-image alignleft\"><img loading=\"lazy\" decoding=\"async\" width=\"150\" height=\"150\" src=\"https:\/\/ecolesaintetherese-sodt.fr\/wp-content\/uploads\/2026\/01\/20251113_152414-150x150.jpg\" class=\"attachment-thumbnail size-thumbnail wp-post-image\" alt=\"\" style=\"max-width:113px;max-height:113px;\" srcset=\"https:\/\/ecolesaintetherese-sodt.fr\/wp-content\/uploads\/2026\/01\/20251113_152414-150x150.jpg 150w, https:\/\/ecolesaintetherese-sodt.fr\/wp-content\/uploads\/2026\/01\/20251113_152414-300x300.jpg 300w\" sizes=\"auto, (max-width: 150px) 100vw, 150px\" \/><\/div><a class=\"wp-block-latest-posts__post-title\" href=\"https:\/\/ecolesaintetherese-sodt.fr\/index.php\/2025\/12\/19\/cycle-basket\/\">Cycle basket<\/a><time datetime=\"2025-12-19T13:55:00+01:00\" class=\"wp-block-latest-posts__post-date\">19 d\u00e9cembre 2025<\/time><div class=\"wp-block-latest-posts__post-excerpt\">De la Toussaint \u00e0 No\u00ebl, les \u00e9l\u00e8ves de CE-CM ont b\u00e9n\u00e9fici\u00e9 d&rsquo;un intervenant de la FFBB pour un cycle basket. L&rsquo;occasion pour certains de d\u00e9couvrir le basket et pour d&rsquo;autres de se perfectionner dans cette discipline. Les \u00e9l\u00e8ves ont pu apprendre \u00e0 dribbler, faire des passes et tirer. Les petits matchs ont \u00e9t\u00e9 l&rsquo;occasion de se challenger et de lier [&hellip;]<\/div><\/li>\n<li><div class=\"wp-block-latest-posts__featured-image alignleft\"><img loading=\"lazy\" decoding=\"async\" width=\"150\" height=\"150\" src=\"https:\/\/ecolesaintetherese-sodt.fr\/wp-content\/uploads\/2026\/01\/20251106_094511-150x150.jpg\" class=\"attachment-thumbnail size-thumbnail wp-post-image\" alt=\"\" style=\"max-width:113px;max-height:113px;\" srcset=\"https:\/\/ecolesaintetherese-sodt.fr\/wp-content\/uploads\/2026\/01\/20251106_094511-150x150.jpg 150w, https:\/\/ecolesaintetherese-sodt.fr\/wp-content\/uploads\/2026\/01\/20251106_094511-300x300.jpg 300w\" sizes=\"auto, (max-width: 150px) 100vw, 150px\" \/><\/div><a class=\"wp-block-latest-posts__post-title\" href=\"https:\/\/ecolesaintetherese-sodt.fr\/index.php\/2025\/12\/01\/projet-radio-et-dechets\/\">Projet Radio et d\u00e9chets<\/a><time datetime=\"2025-12-01T09:27:08+01:00\" class=\"wp-block-latest-posts__post-date\">1 d\u00e9cembre 2025<\/time><div class=\"wp-block-latest-posts__post-excerpt\">Les \u00e9l\u00e8ves de CM ont eu la chance de participer \u00e0 un mini projet alliant la radio et le monde des d\u00e9chets. Cette intervention propos\u00e9e par Laval Agglom\u00e9ration et l&rsquo;Autre Radio a permis aux \u00e9l\u00e8ves de d\u00e9couvrir le monde de la radio et la gestion des d\u00e9chets. Les intervenants sont venus sur deux demi-journ\u00e9es. La premi\u00e8re demi-journ\u00e9e a permis aux [&hellip;]<\/div><\/li>\n<li><div class=\"wp-block-latest-posts__featured-image alignleft\"><img loading=\"lazy\" decoding=\"async\" width=\"150\" height=\"150\" src=\"https:\/\/ecolesaintetherese-sodt.fr\/wp-content\/uploads\/2025\/12\/20251209_180610-edited-150x150.jpg\" class=\"attachment-thumbnail size-thumbnail wp-post-image\" alt=\"\" style=\"max-width:113px;max-height:113px;\" srcset=\"https:\/\/ecolesaintetherese-sodt.fr\/wp-content\/uploads\/2025\/12\/20251209_180610-edited-150x150.jpg 150w, https:\/\/ecolesaintetherese-sodt.fr\/wp-content\/uploads\/2025\/12\/20251209_180610-edited-300x300.jpg 300w\" sizes=\"auto, (max-width: 150px) 100vw, 150px\" \/><\/div><a class=\"wp-block-latest-posts__post-title\" href=\"https:\/\/ecolesaintetherese-sodt.fr\/index.php\/2025\/11\/09\/projet-jonas\/\">Projet Jonas<\/a><time datetime=\"2025-11-09T17:57:00+01:00\" class=\"wp-block-latest-posts__post-date\">9 novembre 2025<\/time><div class=\"wp-block-latest-posts__post-excerpt\">Dans le cadre d&rsquo;un projet commun aux \u00e9coles catholiques de la Mayenne, les \u00e9l\u00e8ves de CM ont pu aller voir le spectacle d&rsquo;Etienne Tarneaud. L&rsquo;occasion pour tous les \u00e9l\u00e8ves de cycle 3 de s&rsquo;apercevoir et de construire une culture commune. Nomm\u00e9 Jonas, le spectacle retrace l&rsquo;histoire de cet homme en M\u00e9sopotamie. Extrait de sa com\u00e9die musicale, cela a permis aux [&hellip;]<\/div><\/li>\n<li><div class=\"wp-block-latest-posts__featured-image alignleft\"><img loading=\"lazy\" decoding=\"async\" width=\"150\" height=\"150\" src=\"https:\/\/ecolesaintetherese-sodt.fr\/wp-content\/uploads\/2026\/02\/1770550782341-150x150.jpg\" class=\"attachment-thumbnail size-thumbnail wp-post-image\" alt=\"\" style=\"max-width:113px;max-height:113px;\" srcset=\"https:\/\/ecolesaintetherese-sodt.fr\/wp-content\/uploads\/2026\/02\/1770550782341-150x150.jpg 150w, https:\/\/ecolesaintetherese-sodt.fr\/wp-content\/uploads\/2026\/02\/1770550782341-300x300.jpg 300w\" sizes=\"auto, (max-width: 150px) 100vw, 150px\" \/><\/div><a class=\"wp-block-latest-posts__post-title\" href=\"https:\/\/ecolesaintetherese-sodt.fr\/index.php\/2025\/10\/16\/mets-tes-basket-et-bats-la-maladie\/\">Mets tes basket et bats la maladie !<\/a><time datetime=\"2025-10-16T12:34:55+02:00\" class=\"wp-block-latest-posts__post-date\">16 octobre 2025<\/time><div class=\"wp-block-latest-posts__post-excerpt\">Tous les enfants se sont encore mobilis\u00e9s cette ann\u00e9e, un grand moment de partage, de fraternit\u00e9, entre les \u00e9l\u00e8ves, d&rsquo;une part, et au profit des enfants malades d&rsquo;autre part. Merci \u00e0 vous, parents, amis, familles de vous mobiliser. L&rsquo;\u00e9cole a r\u00e9colt\u00e9 365 \u20ac pour l&rsquo;association ELA cette ann\u00e9e. Un merci particulier \u00e0 Mme Le Dain qui a fait un don [&hellip;]<\/div><\/li>\n<li><div class=\"wp-block-latest-posts__featured-image alignleft\"><img loading=\"lazy\" decoding=\"async\" width=\"150\" height=\"150\" src=\"https:\/\/ecolesaintetherese-sodt.fr\/wp-content\/uploads\/2025\/10\/20251009_154733-1-150x150.jpg\" class=\"attachment-thumbnail size-thumbnail wp-post-image\" alt=\"\" style=\"max-width:113px;max-height:113px;\" srcset=\"https:\/\/ecolesaintetherese-sodt.fr\/wp-content\/uploads\/2025\/10\/20251009_154733-1-150x150.jpg 150w, https:\/\/ecolesaintetherese-sodt.fr\/wp-content\/uploads\/2025\/10\/20251009_154733-1-300x300.jpg 300w\" sizes=\"auto, (max-width: 150px) 100vw, 150px\" \/><\/div><a class=\"wp-block-latest-posts__post-title\" href=\"https:\/\/ecolesaintetherese-sodt.fr\/index.php\/2025\/10\/10\/conseil-municipal-des-enfants\/\">Conseil Municipal des enfants<\/a><time datetime=\"2025-10-10T11:41:29+02:00\" class=\"wp-block-latest-posts__post-date\">10 octobre 2025<\/time><div class=\"wp-block-latest-posts__post-excerpt\">Le jeudi 9 octobre, les \u00e9l\u00e8ves de CE2, CM1, CM2 se sont rendus \u00e0 la mairie afin d&rsquo;\u00e9lire leurs conseillers municipaux. Les enfants ont la chance d&rsquo;\u00eatre dans une commune qui les laisse participer \u00e0 la vie du village par le biais du Conseil municipal des enfants. Les \u00e9l\u00e8ves candidats se sont pr\u00e9sent\u00e9s et ont fait campagne pendant une petite [&hellip;]<\/div><\/li>\n<li><div class=\"wp-block-latest-posts__featured-image alignleft\"><img loading=\"lazy\" decoding=\"async\" width=\"1\" height=\"1\" src=\"https:\/\/ecolesaintetherese-sodt.fr\/wp-content\/uploads\/2025\/10\/20250926_102028.jpg\" class=\"attachment-thumbnail size-thumbnail wp-post-image\" alt=\"\" style=\"max-width:113px;max-height:113px;\" \/><\/div><a class=\"wp-block-latest-posts__post-title\" href=\"https:\/\/ecolesaintetherese-sodt.fr\/index.php\/2025\/09\/29\/eco-rando\/\">Eco-rando<\/a><time datetime=\"2025-09-29T11:19:56+02:00\" class=\"wp-block-latest-posts__post-date\">29 septembre 2025<\/time><div class=\"wp-block-latest-posts__post-excerpt\">Une fois de plus cette ann\u00e9e, les \u00e9l\u00e8ves de l&rsquo;\u00e9cole ont particip\u00e9 \u00e0 l&rsquo;op\u00e9ration \u00ab\u00a0Nettoyons la nature\u00a0\u00bb. Les \u00e9l\u00e8ves se sont promen\u00e9s dans les rues de Saint-Ouen-des-Toits et ont ramass\u00e9 des d\u00e9chets en tout genre, du m\u00e9got de cigarette \u00e0 l&rsquo;enjoliveur de voiture en passant par les canettes de boissons gazeuses; l&rsquo;occasion de faire le point sur le tri s\u00e9lectif. [&hellip;]<\/div><\/li>\n<li><div class=\"wp-block-latest-posts__featured-image alignleft\"><img loading=\"lazy\" decoding=\"async\" width=\"1\" height=\"1\" src=\"https:\/\/ecolesaintetherese-sodt.fr\/wp-content\/uploads\/2025\/09\/20250905_161451.jpg\" class=\"attachment-thumbnail size-thumbnail wp-post-image\" alt=\"\" style=\"max-width:113px;max-height:113px;\" \/><\/div><a class=\"wp-block-latest-posts__post-title\" href=\"https:\/\/ecolesaintetherese-sodt.fr\/index.php\/2025\/09\/09\/en-avant-pour-une-nouvelle-annee\/\">En avant pour une nouvelle ann\u00e9e!<\/a><time datetime=\"2025-09-09T17:45:07+02:00\" class=\"wp-block-latest-posts__post-date\">9 septembre 2025<\/time><div class=\"wp-block-latest-posts__post-excerpt\">Les \u00e9l\u00e8ves de l&rsquo;\u00e9cole Sainte Th\u00e9r\u00e8se ont d\u00e9but\u00e9 leur nouvelle ann\u00e9e scolaire. Ils \u00e9taient heureux de retrouver leur \u00e9cole mais surtout leurs amis. Dans la continuit\u00e9 de ce qui a \u00e9t\u00e9 d\u00e9but\u00e9 l&rsquo;ann\u00e9e derni\u00e8re, ils ont fait leur premi\u00e8re sortie pour faire classe dehors. Une premi\u00e8re sortie tout en douceur qui leur a permis de r\u00e9cup\u00e9rer des \u00e9l\u00e9ments naturels afin [&hellip;]<\/div><\/li>\n<li><div class=\"wp-block-latest-posts__featured-image alignleft\"><img loading=\"lazy\" decoding=\"async\" width=\"150\" height=\"150\" src=\"https:\/\/ecolesaintetherese-sodt.fr\/wp-content\/uploads\/2025\/05\/1746795129274-1-150x150.jpg\" class=\"attachment-thumbnail size-thumbnail wp-post-image\" alt=\"\" style=\"max-width:113px;max-height:113px;\" srcset=\"https:\/\/ecolesaintetherese-sodt.fr\/wp-content\/uploads\/2025\/05\/1746795129274-1-150x150.jpg 150w, https:\/\/ecolesaintetherese-sodt.fr\/wp-content\/uploads\/2025\/05\/1746795129274-1-300x300.jpg 300w\" sizes=\"auto, (max-width: 150px) 100vw, 150px\" \/><\/div><a class=\"wp-block-latest-posts__post-title\" href=\"https:\/\/ecolesaintetherese-sodt.fr\/index.php\/2025\/05\/09\/quand-sainte-therese-se-transforme-en-poudlard\/\">Quand Sainte Th\u00e9r\u00e8se se transforme en Poudlard&#8230;<\/a><time datetime=\"2025-05-09T15:07:45+02:00\" class=\"wp-block-latest-posts__post-date\">9 mai 2025<\/time><div class=\"wp-block-latest-posts__post-excerpt\">Harry Potter s&rsquo;est invit\u00e9 \u00e0 l&rsquo;\u00e9cole le vendredi 2 mai&#8230; L&rsquo;\u00e9quipe a d\u00e9clin\u00e9 la journ\u00e9e avec des activit\u00e9s vari\u00e9es. Celle-ci a commenc\u00e9 par la c\u00e9l\u00e8bre c\u00e9r\u00e9monie du choixpeau (the sorting Hat) afin de r\u00e9partir les enfants dans les 4 maisons (\u201cGryffindor\u201d, \u201cRavenclaw\u201d, \u201cHufflepuff\u201d et \u201cSlytherin\u201d). Une fois leur cravate assortie \u00e0 leur maisons, les enfants ont d\u00e9couvert un atelier de [&hellip;]<\/div><\/li>\n<li><div class=\"wp-block-latest-posts__featured-image alignleft\"><img loading=\"lazy\" decoding=\"async\" width=\"150\" height=\"150\" src=\"https:\/\/ecolesaintetherese-sodt.fr\/wp-content\/uploads\/2025\/02\/Affiche-chant-choral-Archimede-1-150x150.png\" class=\"attachment-thumbnail size-thumbnail wp-post-image\" alt=\"\" style=\"max-width:113px;max-height:113px;\" srcset=\"https:\/\/ecolesaintetherese-sodt.fr\/wp-content\/uploads\/2025\/02\/Affiche-chant-choral-Archimede-1-150x150.png 150w, https:\/\/ecolesaintetherese-sodt.fr\/wp-content\/uploads\/2025\/02\/Affiche-chant-choral-Archimede-1-300x300.png 300w\" sizes=\"auto, (max-width: 150px) 100vw, 150px\" \/><\/div><a class=\"wp-block-latest-posts__post-title\" href=\"https:\/\/ecolesaintetherese-sodt.fr\/index.php\/2025\/03\/07\/rencontre-avec-des-artistes-musiciens-en-vue-du-concert-archimede-a-lecole\/\">Rencontre avec des artistes musiciens en vue du concert : Archim\u00e8de \u00e0 l&rsquo;\u00e9cole !<\/a><time datetime=\"2025-03-07T16:10:38+01:00\" class=\"wp-block-latest-posts__post-date\">7 mars 2025<\/time><div class=\"wp-block-latest-posts__post-excerpt\">Les \u00e9l\u00e8ves de CE-CM de l&rsquo;\u00e9cole Sainte Th\u00e9r\u00e8se se pr\u00e9parent depuis le mois de septembre \u00e0 la r\u00e9alisation d&rsquo;un concert chant choral. Au programme : chansons fran\u00e7aises contemporaines ( Zaho de Sagazan, Juliette Armanet, Feu ! Chatterton &#8230; ) Mais c&rsquo;est surtout le groupe mayennais Archim\u00e8de qui avait retenu l&rsquo;attention premi\u00e8re ! Ainsi, depuis presque 6 mois, Anna\u00efc, la dumiste [&hellip;]<\/div><\/li>\n<li><div class=\"wp-block-latest-posts__featured-image alignleft\"><img loading=\"lazy\" decoding=\"async\" width=\"150\" height=\"150\" src=\"https:\/\/ecolesaintetherese-sodt.fr\/wp-content\/uploads\/2025\/03\/1741693074976-150x150.jpg\" class=\"attachment-thumbnail size-thumbnail wp-post-image\" alt=\"\" style=\"max-width:113px;max-height:113px;\" srcset=\"https:\/\/ecolesaintetherese-sodt.fr\/wp-content\/uploads\/2025\/03\/1741693074976-150x150.jpg 150w, https:\/\/ecolesaintetherese-sodt.fr\/wp-content\/uploads\/2025\/03\/1741693074976-300x300.jpg 300w\" sizes=\"auto, (max-width: 150px) 100vw, 150px\" \/><\/div><a class=\"wp-block-latest-posts__post-title\" href=\"https:\/\/ecolesaintetherese-sodt.fr\/index.php\/2025\/02\/25\/frida-kahlo\/\">Frida Kahlo<\/a><time datetime=\"2025-02-25T12:41:03+01:00\" class=\"wp-block-latest-posts__post-date\">25 f\u00e9vrier 2025<\/time><div class=\"wp-block-latest-posts__post-excerpt\">Dans le cadre de l&rsquo;apprentissage de l&rsquo;espagnol \u00e0 l&rsquo;\u00e9cole, les \u00e9l\u00e8ves de CP \u00e0 CM2 ont b\u00e9n\u00e9fici\u00e9 d&rsquo;une s\u00e9ance de cin\u00e9ma privatis\u00e9e avec le film d&rsquo;animation \u00ab\u00a0Hola Frida\u00a0\u00bb : ils ont d\u00e9couvert l&rsquo;enfance de Frida Kahlo, cette artiste peintre mexicaine, c\u00e9l\u00e8bre pour ses autoportraits aux couleurs vives repr\u00e9sentant ses \u00e9motions. C&rsquo;\u00e9tait \u00e9galement l&rsquo;occasion d&rsquo;\u00e9changer avec les \u00e9l\u00e8ves sur la diff\u00e9rence, [&hellip;]<\/div><\/li>\n<li><div class=\"wp-block-latest-posts__featured-image alignleft\"><img loading=\"lazy\" decoding=\"async\" width=\"1\" height=\"1\" src=\"https:\/\/ecolesaintetherese-sodt.fr\/wp-content\/uploads\/2025\/01\/1736516189855-1.jpg\" class=\"attachment-thumbnail size-thumbnail wp-post-image\" alt=\"\" style=\"max-width:113px;max-height:113px;\" \/><\/div><a class=\"wp-block-latest-posts__post-title\" href=\"https:\/\/ecolesaintetherese-sodt.fr\/index.php\/2025\/01\/09\/4080\/\">A la rencontre d&rsquo;un apiculteur<\/a><time datetime=\"2025-01-09T15:16:59+01:00\" class=\"wp-block-latest-posts__post-date\">9 janvier 2025<\/time><div class=\"wp-block-latest-posts__post-excerpt\">Les enfants de l&rsquo;\u00e9cole Sainte Th\u00e9r\u00e8se ont pu \u00e9changer toute la journ\u00e9e avec Nicolas Gabillon, apiculteur \u00e0 c\u00f4t\u00e9 de Ch\u00e2teau-Gontier. Les enfants ont \u00e9cout\u00e9 attentivement les explications de Nicolas puis, autour de 4 ateliers, ils ont alors pu manipuler, observer les caract\u00e9ristiques de chacune des esp\u00e8ces (abeilles, frelons, faux bourdons, gu\u00eapes\u2026), rep\u00e9rer la reine, reconstituer le cycle de vie de [&hellip;]<\/div><\/li>\n<li><div class=\"wp-block-latest-posts__featured-image alignleft\"><img loading=\"lazy\" decoding=\"async\" width=\"1\" height=\"1\" src=\"https:\/\/ecolesaintetherese-sodt.fr\/wp-content\/uploads\/2024\/11\/1732273182694-Copie.jpg\" class=\"attachment-thumbnail size-thumbnail wp-post-image\" alt=\"\" style=\"max-width:113px;max-height:113px;\" \/><\/div><a class=\"wp-block-latest-posts__post-title\" href=\"https:\/\/ecolesaintetherese-sodt.fr\/index.php\/2024\/11\/19\/a-la-rencontre-dun-peintre\/\">A la rencontre d&rsquo;un peintre<\/a><time datetime=\"2024-11-19T11:37:04+01:00\" class=\"wp-block-latest-posts__post-date\">19 novembre 2024<\/time><div class=\"wp-block-latest-posts__post-excerpt\">La musique et la peinture r\u00e9unies sur une toile : les \u00e9l\u00e8ves de CE-CM ont \u00e9chang\u00e9 avec Jean-Pierre Prel, artiste peintre mayennais, sur sa passion. Apr\u00e8s des \u00e9changes sur ses inspirations, les techniques utilis\u00e9es (papier de soie pour donner du relief), les instruments qu&rsquo;il repr\u00e9sentait le plus\u2026, les enfants ont jou\u00e9 \u00e0 \u00ab\u00a0cherche et trouve\u00a0\u00bb avec des \u00e9l\u00e9ments tir\u00e9s des [&hellip;]<\/div><\/li>\n<li><div class=\"wp-block-latest-posts__featured-image alignleft\"><img loading=\"lazy\" decoding=\"async\" width=\"150\" height=\"150\" src=\"https:\/\/ecolesaintetherese-sodt.fr\/wp-content\/uploads\/2024\/10\/1729870039206-1-150x150.jpg\" class=\"attachment-thumbnail size-thumbnail wp-post-image\" alt=\"\" style=\"max-width:113px;max-height:113px;\" srcset=\"https:\/\/ecolesaintetherese-sodt.fr\/wp-content\/uploads\/2024\/10\/1729870039206-1-150x150.jpg 150w, https:\/\/ecolesaintetherese-sodt.fr\/wp-content\/uploads\/2024\/10\/1729870039206-1-300x300.jpg 300w\" sizes=\"auto, (max-width: 150px) 100vw, 150px\" \/><\/div><a class=\"wp-block-latest-posts__post-title\" href=\"https:\/\/ecolesaintetherese-sodt.fr\/index.php\/2024\/10\/18\/mets-tes-baskets-et-bats-la-maladie-avec-ela\/\">\u00ab\u00a0Mets tes baskets et bats la maladie avec ELA\u00a0\u00bb<\/a><time datetime=\"2024-10-18T17:57:28+02:00\" class=\"wp-block-latest-posts__post-date\">18 octobre 2024<\/time><div class=\"wp-block-latest-posts__post-excerpt\">Des \u00e9l\u00e8ves sensibilis\u00e9s et motiv\u00e9s ! Des temps forts tout au long de cette semaine d&rsquo;octobre ! Dans un premier temps, les enfants ont tous visionn\u00e9 des vid\u00e9os afin de comprendre ce que sont les leucodystrophies, ces maladies g\u00e9n\u00e9tiques rares. C&rsquo;\u00e9tait l&rsquo;occasion d&rsquo;\u00e9changer, de r\u00e9aliser la chance qu&rsquo;ils ont d&rsquo;\u00eatre en bonne sant\u00e9. https:\/\/youtu.be\/3w1-zi55f2g C&rsquo;est avec entrain qu&rsquo;ils ont particip\u00e9 [&hellip;]<\/div><\/li>\n<li><div class=\"wp-block-latest-posts__featured-image alignleft\"><img loading=\"lazy\" decoding=\"async\" width=\"150\" height=\"150\" src=\"https:\/\/ecolesaintetherese-sodt.fr\/wp-content\/uploads\/2024\/10\/1729872972148-150x150.jpg\" class=\"attachment-thumbnail size-thumbnail wp-post-image\" alt=\"\" style=\"max-width:113px;max-height:113px;\" srcset=\"https:\/\/ecolesaintetherese-sodt.fr\/wp-content\/uploads\/2024\/10\/1729872972148-150x150.jpg 150w, https:\/\/ecolesaintetherese-sodt.fr\/wp-content\/uploads\/2024\/10\/1729872972148-300x300.jpg 300w\" sizes=\"auto, (max-width: 150px) 100vw, 150px\" \/><\/div><a class=\"wp-block-latest-posts__post-title\" href=\"https:\/\/ecolesaintetherese-sodt.fr\/index.php\/2024\/10\/17\/la-grande-lessive-de-lautomne\/\">La grande lessive de l&rsquo;automne<\/a><time datetime=\"2024-10-17T18:20:28+02:00\" class=\"wp-block-latest-posts__post-date\">17 octobre 2024<\/time><div class=\"wp-block-latest-posts__post-excerpt\">PAREIL \/ PAS PAREIL : Tel \u00e9tait le th\u00e8me retenu pour la grande lessive de l&rsquo;automne 2024, cette exposition artistique \u00e9ph\u00e9m\u00e8re organis\u00e9e dans le monde entier. Chaque enfant a pu ainsi voir son \u0153uvre suspendue \u00e0 l&rsquo;occasion de cette \u00e9dition 2024 ! https:\/\/www.lagrandelessive.net\/la-grande-lessive\/<\/div><\/li>\n<li><div class=\"wp-block-latest-posts__featured-image alignleft\"><img loading=\"lazy\" decoding=\"async\" width=\"1\" height=\"1\" src=\"https:\/\/ecolesaintetherese-sodt.fr\/wp-content\/uploads\/2024\/10\/1729874503125.jpg\" class=\"attachment-thumbnail size-thumbnail wp-post-image\" alt=\"\" style=\"max-width:113px;max-height:113px;\" \/><\/div><a class=\"wp-block-latest-posts__post-title\" href=\"https:\/\/ecolesaintetherese-sodt.fr\/index.php\/2024\/10\/17\/devoir-de-citoyen\/\">Devoir de citoyen !<\/a><time datetime=\"2024-10-17T18:20:22+02:00\" class=\"wp-block-latest-posts__post-date\">17 octobre 2024<\/time><div class=\"wp-block-latest-posts__post-excerpt\">Apr\u00e8s une campagne o\u00f9 les enfants candidats au Conseil Municipal des Enfants ont pr\u00e9sent\u00e9 leurs id\u00e9es devant leurs camarades de CE2-CM, ces derniers se sont rendus dans l&rsquo;isoloir pour \u00e9lire leurs repr\u00e9sentants dans la salle du Conseil de la mairie. Une sensibilisation \u00e0 notre devoir de citoyen !<\/div><\/li>\n<li><div class=\"wp-block-latest-posts__featured-image alignleft\"><img loading=\"lazy\" decoding=\"async\" width=\"150\" height=\"150\" src=\"https:\/\/ecolesaintetherese-sodt.fr\/wp-content\/uploads\/2024\/10\/20241015_093949-150x150.jpg\" class=\"attachment-thumbnail size-thumbnail wp-post-image\" alt=\"\" style=\"max-width:113px;max-height:113px;\" srcset=\"https:\/\/ecolesaintetherese-sodt.fr\/wp-content\/uploads\/2024\/10\/20241015_093949-150x150.jpg 150w, https:\/\/ecolesaintetherese-sodt.fr\/wp-content\/uploads\/2024\/10\/20241015_093949-300x300.jpg 300w\" sizes=\"auto, (max-width: 150px) 100vw, 150px\" \/><\/div><a class=\"wp-block-latest-posts__post-title\" href=\"https:\/\/ecolesaintetherese-sodt.fr\/index.php\/2024\/10\/15\/journee-de-la-pomme\/\">Journ\u00e9e de la pomme<\/a><time datetime=\"2024-10-15T12:24:02+02:00\" class=\"wp-block-latest-posts__post-date\">15 octobre 2024<\/time><div class=\"wp-block-latest-posts__post-excerpt\">Comme chaque ann\u00e9e, le camion de pressage de pommes s&rsquo;est arr\u00eat\u00e9 devant l&rsquo;\u00e9cole. Les enfants ont pu participer au pressage des pommes, poser leurs questions et aider \u00e0 verser les pommes puis rentrer les cubis de jus de pommes dans l&rsquo;\u00e9cole. L&rsquo;occasion de faire preuve d&rsquo;entraide !<\/div><\/li>\n<li><div class=\"wp-block-latest-posts__featured-image alignleft\"><img loading=\"lazy\" decoding=\"async\" width=\"150\" height=\"150\" src=\"https:\/\/ecolesaintetherese-sodt.fr\/wp-content\/uploads\/2024\/10\/20241014_105258-3-150x150.jpg\" class=\"attachment-thumbnail size-thumbnail wp-post-image\" alt=\"\" style=\"max-width:113px;max-height:113px;\" srcset=\"https:\/\/ecolesaintetherese-sodt.fr\/wp-content\/uploads\/2024\/10\/20241014_105258-3-150x150.jpg 150w, https:\/\/ecolesaintetherese-sodt.fr\/wp-content\/uploads\/2024\/10\/20241014_105258-3-300x300.jpg 300w\" sizes=\"auto, (max-width: 150px) 100vw, 150px\" \/><\/div><a class=\"wp-block-latest-posts__post-title\" href=\"https:\/\/ecolesaintetherese-sodt.fr\/index.php\/2024\/10\/14\/cross\/\">Cross du r\u00e9seau Heptalie<\/a><time datetime=\"2024-10-14T17:53:01+02:00\" class=\"wp-block-latest-posts__post-date\">14 octobre 2024<\/time><div class=\"wp-block-latest-posts__post-excerpt\">Les \u00e9l\u00e8ves de CM ont aujourd&rsquo;hui particip\u00e9 au cross du coll\u00e8ge. L&rsquo;occasion de clore notre s\u00e9quence d&rsquo;endurance de mani\u00e8re concr\u00e8te. Ce temps fort qui a lieu tous les deux ans, permet \u00e0 la fois de concr\u00e9tiser nos s\u00e9ances de sport mais aussi de commencer \u00e0 cr\u00e9er du lien avec les coll\u00e9giens et les professeurs. Beaucoup d&rsquo;\u00e9l\u00e8ves en profitent pour voir [&hellip;]<\/div><\/li>\n<li><div class=\"wp-block-latest-posts__featured-image alignleft\"><img loading=\"lazy\" decoding=\"async\" width=\"150\" height=\"150\" src=\"https:\/\/ecolesaintetherese-sodt.fr\/wp-content\/uploads\/2024\/09\/20240926_094955-150x150.jpg\" class=\"attachment-thumbnail size-thumbnail wp-post-image\" alt=\"\" style=\"max-width:113px;max-height:113px;\" srcset=\"https:\/\/ecolesaintetherese-sodt.fr\/wp-content\/uploads\/2024\/09\/20240926_094955-150x150.jpg 150w, https:\/\/ecolesaintetherese-sodt.fr\/wp-content\/uploads\/2024\/09\/20240926_094955-300x300.jpg 300w\" sizes=\"auto, (max-width: 150px) 100vw, 150px\" \/><\/div><a class=\"wp-block-latest-posts__post-title\" href=\"https:\/\/ecolesaintetherese-sodt.fr\/index.php\/2024\/09\/30\/nettoyons-la-nature-2\/\">Nettoyons la nature!<\/a><time datetime=\"2024-09-30T12:34:07+02:00\" class=\"wp-block-latest-posts__post-date\">30 septembre 2024<\/time><div class=\"wp-block-latest-posts__post-excerpt\">Cette ann\u00e9e encore, l&rsquo;\u00e9cole a particip\u00e9 \u00e0 l&rsquo;op\u00e9ration \u00ab\u00a0Nettoyons la nature\u00a0\u00bb. Une sortie encore plus ancr\u00e9e dans notre th\u00e8me \u00ab\u00a0Tous dehors\u00a0\u00bb. Les \u00e9l\u00e8ves de CM ont ramass\u00e9 un peu moins de 1 kg de d\u00e9chets divers et vari\u00e9s. L&rsquo;occasion de rappeler comment trier les d\u00e9chets et les diff\u00e9rentes poubelles qui existent. Une sortie qui s&rsquo;inscrit dans le parcours citoyens des [&hellip;]<\/div><\/li>\n<li><div class=\"wp-block-latest-posts__featured-image alignleft\"><img loading=\"lazy\" decoding=\"async\" width=\"150\" height=\"150\" src=\"https:\/\/ecolesaintetherese-sodt.fr\/wp-content\/uploads\/2024\/09\/20240903_161406-1-150x150.jpg\" class=\"attachment-thumbnail size-thumbnail wp-post-image\" alt=\"\" style=\"max-width:113px;max-height:113px;\" srcset=\"https:\/\/ecolesaintetherese-sodt.fr\/wp-content\/uploads\/2024\/09\/20240903_161406-1-150x150.jpg 150w, https:\/\/ecolesaintetherese-sodt.fr\/wp-content\/uploads\/2024\/09\/20240903_161406-1-300x300.jpg 300w\" sizes=\"auto, (max-width: 150px) 100vw, 150px\" \/><\/div><a class=\"wp-block-latest-posts__post-title\" href=\"https:\/\/ecolesaintetherese-sodt.fr\/index.php\/2024\/09\/03\/cest-la-rentree-2\/\">C&rsquo;est la rentr\u00e9e!<\/a><time datetime=\"2024-09-03T17:24:11+02:00\" class=\"wp-block-latest-posts__post-date\">3 septembre 2024<\/time><div class=\"wp-block-latest-posts__post-excerpt\">Hier, les \u00e9l\u00e8ves de l&rsquo;\u00e9cole ont fait leur rentr\u00e9e. Aujourd&rsquo;hui, les \u00e9l\u00e8ves de CM ont rapidement \u00e9t\u00e9 mis dans le th\u00e8me (Tous dehors!) avec une courte sortie pour leur projet en Art visuel. L&rsquo;occasion de rappeler les r\u00e8gles en dehors de l&rsquo;\u00e9cole. Les \u00e9l\u00e8ves ont ramass\u00e9 quelques feuilles d&rsquo;arbre qu&rsquo;ils ont d\u00e9calqu\u00e9es sur une feuille blanche. Ils ont ador\u00e9 cette [&hellip;]<\/div><\/li>\n<li><div class=\"wp-block-latest-posts__featured-image alignleft\"><img loading=\"lazy\" decoding=\"async\" width=\"150\" height=\"150\" src=\"https:\/\/ecolesaintetherese-sodt.fr\/wp-content\/uploads\/2024\/06\/1719391983460-150x150.jpg\" class=\"attachment-thumbnail size-thumbnail wp-post-image\" alt=\"\" style=\"max-width:113px;max-height:113px;\" srcset=\"https:\/\/ecolesaintetherese-sodt.fr\/wp-content\/uploads\/2024\/06\/1719391983460-150x150.jpg 150w, https:\/\/ecolesaintetherese-sodt.fr\/wp-content\/uploads\/2024\/06\/1719391983460-300x300.jpg 300w\" sizes=\"auto, (max-width: 150px) 100vw, 150px\" \/><\/div><a class=\"wp-block-latest-posts__post-title\" href=\"https:\/\/ecolesaintetherese-sodt.fr\/index.php\/2024\/06\/26\/what-a-wonderful-day\/\">What a wonderful day !<\/a><time datetime=\"2024-06-26T12:07:37+02:00\" class=\"wp-block-latest-posts__post-date\">26 juin 2024<\/time><div class=\"wp-block-latest-posts__post-excerpt\">Ce mardi 25 juin, toute l&rsquo;\u00e9cole Sainte Th\u00e9r\u00e8se s&rsquo;\u00e9tait mise \u00e0 la mode anglaise : la cravate \u00e9tait de sortie pour toutes et tous. Accompagn\u00e9s par des parents et grands-parents (un grand merci !) , les enfants, r\u00e9partis en 6 \u00e9quipes, ont tourn\u00e9 sur 6 ateliers tout au long de la journ\u00e9e : c\u00f4t\u00e9 musique, ils ont chantonn\u00e9 une chanson [&hellip;]<\/div><\/li>\n<li><div class=\"wp-block-latest-posts__featured-image alignleft\"><img loading=\"lazy\" decoding=\"async\" width=\"150\" height=\"150\" src=\"https:\/\/ecolesaintetherese-sodt.fr\/wp-content\/uploads\/2024\/06\/Photo-de-Nathalie-Brault-28-edited-150x150.jpg\" class=\"attachment-thumbnail size-thumbnail wp-post-image\" alt=\"\" style=\"max-width:113px;max-height:113px;\" srcset=\"https:\/\/ecolesaintetherese-sodt.fr\/wp-content\/uploads\/2024\/06\/Photo-de-Nathalie-Brault-28-edited-150x150.jpg 150w, https:\/\/ecolesaintetherese-sodt.fr\/wp-content\/uploads\/2024\/06\/Photo-de-Nathalie-Brault-28-edited-300x300.jpg 300w\" sizes=\"auto, (max-width: 150px) 100vw, 150px\" \/><\/div><a class=\"wp-block-latest-posts__post-title\" href=\"https:\/\/ecolesaintetherese-sodt.fr\/index.php\/2024\/06\/10\/une-kermesse-au-fil-des-continents\/\">Une kermesse au fil des continents<\/a><time datetime=\"2024-06-10T11:40:40+02:00\" class=\"wp-block-latest-posts__post-date\">10 juin 2024<\/time><div class=\"wp-block-latest-posts__post-excerpt\">C&rsquo;est sous le soleil que les enfants de l&rsquo;\u00e9cole Sainte Th\u00e9r\u00e8se ont pu d\u00e9voiler leurs danses et chants. De la Chine \u00e0 l&rsquo;Afrique en passant par l&rsquo;Am\u00e9rique, ils ont termin\u00e9 sur un chant autour du monde, en 80 jours ! Sans oublier un clin d&rsquo;\u0153il aux Jeux Olympiques.<\/div><\/li>\n<li><div class=\"wp-block-latest-posts__featured-image alignleft\"><img loading=\"lazy\" decoding=\"async\" width=\"150\" height=\"150\" src=\"https:\/\/ecolesaintetherese-sodt.fr\/wp-content\/uploads\/2024\/06\/20240523_154922-150x150.jpg\" class=\"attachment-thumbnail size-thumbnail wp-post-image\" alt=\"\" style=\"max-width:113px;max-height:113px;\" srcset=\"https:\/\/ecolesaintetherese-sodt.fr\/wp-content\/uploads\/2024\/06\/20240523_154922-150x150.jpg 150w, https:\/\/ecolesaintetherese-sodt.fr\/wp-content\/uploads\/2024\/06\/20240523_154922-300x300.jpg 300w\" sizes=\"auto, (max-width: 150px) 100vw, 150px\" \/><\/div><a class=\"wp-block-latest-posts__post-title\" href=\"https:\/\/ecolesaintetherese-sodt.fr\/index.php\/2024\/06\/04\/au-fil-des-portraits\/\">Au fil des portraits<\/a><time datetime=\"2024-06-04T16:52:08+02:00\" class=\"wp-block-latest-posts__post-date\">4 juin 2024<\/time><div class=\"wp-block-latest-posts__post-excerpt\">Les \u00e9l\u00e8ves de la classe de CM ont d\u00e9couvert l&rsquo;histoire de l&rsquo;appareil photo et de la photographie. Diverses exp\u00e9riences leur ont permis d&rsquo;appr\u00e9hender cette notion: de la construction du st\u00e9nop\u00e9 \u00e0 la fabrication d&rsquo;un photogramme. Les \u00e9l\u00e8ves ont pu observer la diff\u00e9rence entre une image n\u00e9gative et une image positive. Ces exp\u00e9riences ont \u00e9t\u00e9 r\u00e9alis\u00e9es dehors ce qui leur a [&hellip;]<\/div><\/li>\n<li><div class=\"wp-block-latest-posts__featured-image alignleft\"><img loading=\"lazy\" decoding=\"async\" width=\"150\" height=\"150\" src=\"https:\/\/ecolesaintetherese-sodt.fr\/wp-content\/uploads\/2024\/05\/1716889751274-150x150.jpg\" class=\"attachment-thumbnail size-thumbnail wp-post-image\" alt=\"\" style=\"max-width:113px;max-height:113px;\" srcset=\"https:\/\/ecolesaintetherese-sodt.fr\/wp-content\/uploads\/2024\/05\/1716889751274-150x150.jpg 150w, https:\/\/ecolesaintetherese-sodt.fr\/wp-content\/uploads\/2024\/05\/1716889751274-300x300.jpg 300w\" sizes=\"auto, (max-width: 150px) 100vw, 150px\" \/><\/div><a class=\"wp-block-latest-posts__post-title\" href=\"https:\/\/ecolesaintetherese-sodt.fr\/index.php\/2024\/05\/28\/les-animaux-au-fil-des-continents\/\">Les animaux au fil des continents<\/a><time datetime=\"2024-05-28T14:01:06+02:00\" class=\"wp-block-latest-posts__post-date\">28 mai 2024<\/time><div class=\"wp-block-latest-posts__post-excerpt\">Les \u00e9l\u00e8ves de l&rsquo;\u00e9cole se sont rendus au Zoo de la Fl\u00e8che pour observer des animaux des 5 continents. Ils ont \u00e9t\u00e9 sensibilis\u00e9s au cycle des d\u00e9chets, ceux-ci finissant toujours dans les mers et oc\u00e9ans, gr\u00e2ce \u00e0 l&rsquo;animation avec les otaries. Ils ont \u00e9t\u00e9 accueillis l&rsquo;apr\u00e8s-midi par des animatrices qui ont questionn\u00e9 les primaires sur les moyens que nous pouvions [&hellip;]<\/div><\/li>\n<li><div class=\"wp-block-latest-posts__featured-image alignleft\"><img loading=\"lazy\" decoding=\"async\" width=\"150\" height=\"150\" src=\"https:\/\/ecolesaintetherese-sodt.fr\/wp-content\/uploads\/2024\/05\/20240419_155329-150x150.jpg\" class=\"attachment-thumbnail size-thumbnail wp-post-image\" alt=\"\" style=\"max-width:113px;max-height:113px;\" srcset=\"https:\/\/ecolesaintetherese-sodt.fr\/wp-content\/uploads\/2024\/05\/20240419_155329-150x150.jpg 150w, https:\/\/ecolesaintetherese-sodt.fr\/wp-content\/uploads\/2024\/05\/20240419_155329-300x300.jpg 300w\" sizes=\"auto, (max-width: 150px) 100vw, 150px\" \/><\/div><a class=\"wp-block-latest-posts__post-title\" href=\"https:\/\/ecolesaintetherese-sodt.fr\/index.php\/2024\/04\/19\/rendez-vous-en-afrique\/\">Rendez-vous en Afrique<\/a><time datetime=\"2024-04-19T09:21:16+02:00\" class=\"wp-block-latest-posts__post-date\">19 avril 2024<\/time><div class=\"wp-block-latest-posts__post-excerpt\">Les \u00e9l\u00e8ves de la classe de CM1-CM2 se sont initi\u00e9s \u00e0 l&rsquo;art africain. Apr\u00e8s avoir d\u00e9couvert des exemples de masques, ils ont utilis\u00e9 la technique du papier m\u00e2ch\u00e9 pour confectionner le leur. Pour faire peur ou comme \u00e9l\u00e9ment de d\u00e9corations, les masques sont typiques du continent africain.<\/div><\/li>\n<li><div class=\"wp-block-latest-posts__featured-image alignleft\"><img loading=\"lazy\" decoding=\"async\" width=\"150\" height=\"150\" src=\"https:\/\/ecolesaintetherese-sodt.fr\/wp-content\/uploads\/2024\/05\/PXL_20240416_184655183-150x150.jpg\" class=\"attachment-thumbnail size-thumbnail wp-post-image\" alt=\"\" style=\"max-width:113px;max-height:113px;\" srcset=\"https:\/\/ecolesaintetherese-sodt.fr\/wp-content\/uploads\/2024\/05\/PXL_20240416_184655183-150x150.jpg 150w, https:\/\/ecolesaintetherese-sodt.fr\/wp-content\/uploads\/2024\/05\/PXL_20240416_184655183-300x300.jpg 300w\" sizes=\"auto, (max-width: 150px) 100vw, 150px\" \/><\/div><a class=\"wp-block-latest-posts__post-title\" href=\"https:\/\/ecolesaintetherese-sodt.fr\/index.php\/2024\/04\/16\/gospel-et-emotions\/\">Gospel et \u00e9motions !<\/a><time datetime=\"2024-04-16T16:19:06+02:00\" class=\"wp-block-latest-posts__post-date\">16 avril 2024<\/time><div class=\"wp-block-latest-posts__post-excerpt\">Les \u00e9l\u00e8ves de CE et de CM de l&rsquo;\u00e9cole Sainte Th\u00e9r\u00e8se et les enfants de l&rsquo;\u00e9cole St Fran\u00e7ois d&rsquo;Assise du Genest-St-Isle ont pr\u00e9sent\u00e9 ce soir un concert porteur de sens et d&rsquo;int\u00e9r\u00eat. Que d&rsquo;\u00e9motions pour eux et le public venu en nombre dans l&rsquo;\u00e9glise de St-Ouen ! Un grand bravo \u00e0 eux pour leur investissement,1 \u00e0 2 entrainements par semaine [&hellip;]<\/div><\/li>\n<li><div class=\"wp-block-latest-posts__featured-image alignleft\"><img loading=\"lazy\" decoding=\"async\" width=\"150\" height=\"150\" src=\"https:\/\/ecolesaintetherese-sodt.fr\/wp-content\/uploads\/2024\/03\/1711459714370-150x150.jpg\" class=\"attachment-thumbnail size-thumbnail wp-post-image\" alt=\"\" style=\"max-width:113px;max-height:113px;\" srcset=\"https:\/\/ecolesaintetherese-sodt.fr\/wp-content\/uploads\/2024\/03\/1711459714370-150x150.jpg 150w, https:\/\/ecolesaintetherese-sodt.fr\/wp-content\/uploads\/2024\/03\/1711459714370-300x300.jpg 300w\" sizes=\"auto, (max-width: 150px) 100vw, 150px\" \/><\/div><a class=\"wp-block-latest-posts__post-title\" href=\"https:\/\/ecolesaintetherese-sodt.fr\/index.php\/2024\/03\/26\/operation-solidarite\/\">Op\u00e9ration solidarit\u00e9 !<\/a><time datetime=\"2024-03-26T14:58:35+01:00\" class=\"wp-block-latest-posts__post-date\">26 mars 2024<\/time><div class=\"wp-block-latest-posts__post-excerpt\">Les enfants de GS \u00e0 CM2 ont \u00e9t\u00e9 sensibilis\u00e9s par des membres de l&rsquo;Association Los amigos metab\u00f3licos venus \u00e0 l&rsquo;\u00e9cole pr\u00e9senter leur association qui vient en aide \u00e0 des enfants mexicains atteints de maladies orphelines. Les enfants ont pu constater la chance qu&rsquo;ils avaient de vivre dans un pays riche o\u00f9 la sant\u00e9 est prise en charge. Pour montrer leur [&hellip;]<\/div><\/li>\n<li><div class=\"wp-block-latest-posts__featured-image alignleft\"><img loading=\"lazy\" decoding=\"async\" width=\"150\" height=\"150\" src=\"https:\/\/ecolesaintetherese-sodt.fr\/wp-content\/uploads\/2024\/03\/20240311_154445-150x150.jpg\" class=\"attachment-thumbnail size-thumbnail wp-post-image\" alt=\"\" style=\"max-width:113px;max-height:113px;\" srcset=\"https:\/\/ecolesaintetherese-sodt.fr\/wp-content\/uploads\/2024\/03\/20240311_154445-150x150.jpg 150w, https:\/\/ecolesaintetherese-sodt.fr\/wp-content\/uploads\/2024\/03\/20240311_154445-300x300.jpg 300w\" sizes=\"auto, (max-width: 150px) 100vw, 150px\" \/><\/div><a class=\"wp-block-latest-posts__post-title\" href=\"https:\/\/ecolesaintetherese-sodt.fr\/index.php\/2024\/03\/21\/histoire-de-communiquer\/\">Histoire de communiquer<\/a><time datetime=\"2024-03-21T15:03:33+01:00\" class=\"wp-block-latest-posts__post-date\">21 mars 2024<\/time><div class=\"wp-block-latest-posts__post-excerpt\">Les \u00e9l\u00e8ves de CM ont d\u00e9couvert l&rsquo;histoire de la communication en sciences. Au travers de cette s\u00e9quence, ils ont pu s&rsquo;amuser \u00e0 communiquer avec diff\u00e9rents moyens de communication qu&rsquo;ils avaient fabriqu\u00e9s : le t\u00e9l\u00e9graphe Chappe, le t\u00e9l\u00e9graphe Morse et le t\u00e9l\u00e9yaourt.<\/div><\/li>\n<li><a class=\"wp-block-latest-posts__post-title\" href=\"https:\/\/ecolesaintetherese-sodt.fr\/index.php\/2024\/03\/21\/a-la-decouverte-de-la-fabrication-du-lait\/\">A la d\u00e9couverte de la fabrication du lait<\/a><time datetime=\"2024-03-21T14:07:58+01:00\" class=\"wp-block-latest-posts__post-date\">21 mars 2024<\/time><div class=\"wp-block-latest-posts__post-excerpt\">Les \u00e9l\u00e8ves des classes de GS-CP et de CM ont accueilli Benoit Robert, jeune agriculteur install\u00e9 \u00e0 Loiron-Ruill\u00e9 et Sabrina Barb\u00e9. Ils ont expliqu\u00e9 aux \u00e9l\u00e8ves le parcours du lait de sa cr\u00e9ation \u00e0 sa consommation. Des sch\u00e9mas d&rsquo;une ferme et une vid\u00e9o ont servis de support pour expliquer aux \u00e9l\u00e8ves la composition d&rsquo;une ferme. Benoit Robert avait apport\u00e9 des [&hellip;]<\/div><\/li>\n<li><div class=\"wp-block-latest-posts__featured-image alignleft\"><img loading=\"lazy\" decoding=\"async\" width=\"150\" height=\"150\" src=\"https:\/\/ecolesaintetherese-sodt.fr\/wp-content\/uploads\/2024\/03\/20240202_103757-1-150x150.jpg\" class=\"attachment-thumbnail size-thumbnail wp-post-image\" alt=\"\" style=\"max-width:113px;max-height:113px;\" srcset=\"https:\/\/ecolesaintetherese-sodt.fr\/wp-content\/uploads\/2024\/03\/20240202_103757-1-150x150.jpg 150w, https:\/\/ecolesaintetherese-sodt.fr\/wp-content\/uploads\/2024\/03\/20240202_103757-1-300x300.jpg 300w\" sizes=\"auto, (max-width: 150px) 100vw, 150px\" \/><\/div><a class=\"wp-block-latest-posts__post-title\" href=\"https:\/\/ecolesaintetherese-sodt.fr\/index.php\/2024\/03\/21\/gospel\/\">Gospel<\/a><time datetime=\"2024-03-21T14:06:40+01:00\" class=\"wp-block-latest-posts__post-date\">21 mars 2024<\/time><div class=\"wp-block-latest-posts__post-excerpt\">Les enfants poursuivent l&rsquo;apprentissage des chants et r\u00e9p\u00e8tent d\u00e9sormais tous ensemble -CE et CM- pour le concert de Gospel qui aura lieu le mardi 16 avril \u00e0 20h, \u00e0 l&rsquo;\u00e9glise de St-Ouen. Vous \u00eates bien entendus invit\u00e9s \u00e0 venir y assister, profiter du message que les \u00e9l\u00e8ves pourront communiquer ! Ce travail de longue haleine (une r\u00e9p\u00e9tition par semaine depuis [&hellip;]<\/div><\/li>\n<li><div class=\"wp-block-latest-posts__featured-image alignleft\"><img loading=\"lazy\" decoding=\"async\" width=\"150\" height=\"150\" src=\"https:\/\/ecolesaintetherese-sodt.fr\/wp-content\/uploads\/2024\/03\/20240319_103848-150x150.jpg\" class=\"attachment-thumbnail size-thumbnail wp-post-image\" alt=\"\" style=\"max-width:113px;max-height:113px;\" srcset=\"https:\/\/ecolesaintetherese-sodt.fr\/wp-content\/uploads\/2024\/03\/20240319_103848-150x150.jpg 150w, https:\/\/ecolesaintetherese-sodt.fr\/wp-content\/uploads\/2024\/03\/20240319_103848-300x300.jpg 300w\" sizes=\"auto, (max-width: 150px) 100vw, 150px\" \/><\/div><a class=\"wp-block-latest-posts__post-title\" href=\"https:\/\/ecolesaintetherese-sodt.fr\/index.php\/2024\/03\/21\/en-avant-vers-les-jo\/\">En avant vers les JO !<\/a><time datetime=\"2024-03-21T14:02:38+01:00\" class=\"wp-block-latest-posts__post-date\">21 mars 2024<\/time><div class=\"wp-block-latest-posts__post-excerpt\">Les \u00e9l\u00e8ves de la GS au CM2 d\u00e9couvrent l&rsquo;athl\u00e9tisme le mardi avec Valentin, conseiller technique f\u00e9d\u00e9ral. Au programme : les r\u00e8gles du sprint, du lancer de vortex, de disque, de marteau, du saut. Les \u00e9l\u00e8ves ont d\u00e9couvert comment calculer leur vitesse de course et se sont initi\u00e9s \u00e0 la marche athl\u00e9tique.<\/div><\/li>\n<li><div class=\"wp-block-latest-posts__featured-image alignleft\"><img loading=\"lazy\" decoding=\"async\" width=\"150\" height=\"150\" src=\"https:\/\/ecolesaintetherese-sodt.fr\/wp-content\/uploads\/2024\/02\/20240129_142009-150x150.jpg\" class=\"attachment-thumbnail size-thumbnail wp-post-image\" alt=\"\" style=\"max-width:113px;max-height:113px;\" srcset=\"https:\/\/ecolesaintetherese-sodt.fr\/wp-content\/uploads\/2024\/02\/20240129_142009-150x150.jpg 150w, https:\/\/ecolesaintetherese-sodt.fr\/wp-content\/uploads\/2024\/02\/20240129_142009-300x300.jpg 300w\" sizes=\"auto, (max-width: 150px) 100vw, 150px\" \/><\/div><a class=\"wp-block-latest-posts__post-title\" href=\"https:\/\/ecolesaintetherese-sodt.fr\/index.php\/2024\/02\/08\/voyageons-en-velo\/\">Voyageons en v\u00e9lo!<\/a><time datetime=\"2024-02-08T14:07:54+01:00\" class=\"wp-block-latest-posts__post-date\">8 f\u00e9vrier 2024<\/time><div class=\"wp-block-latest-posts__post-excerpt\">Les \u00e9l\u00e8ves de CM ont commenc\u00e9 un cycle v\u00e9lo au d\u00e9but de la p\u00e9riode. Ils ont appris \u00e0 manipuler leur v\u00e9lo, franchir des obstacles, d\u00e9marrer droit, slalomer&#8230; Des s\u00e9ances d&rsquo;EMC (enseignement moral et civique) ont \u00e9galement eu lieu en parall\u00e8le afin de travailler le code de la route. Cette s\u00e9quence a pris fin avec le passage du permis v\u00e9lo le [&hellip;]<\/div><\/li>\n<li><div class=\"wp-block-latest-posts__featured-image alignleft\"><img loading=\"lazy\" decoding=\"async\" width=\"150\" height=\"150\" src=\"https:\/\/ecolesaintetherese-sodt.fr\/wp-content\/uploads\/2023\/12\/20231222_122017-150x150.jpg\" class=\"attachment-thumbnail size-thumbnail wp-post-image\" alt=\"\" style=\"max-width:113px;max-height:113px;\" srcset=\"https:\/\/ecolesaintetherese-sodt.fr\/wp-content\/uploads\/2023\/12\/20231222_122017-150x150.jpg 150w, https:\/\/ecolesaintetherese-sodt.fr\/wp-content\/uploads\/2023\/12\/20231222_122017-300x300.jpg 300w\" sizes=\"auto, (max-width: 150px) 100vw, 150px\" \/><\/div><a class=\"wp-block-latest-posts__post-title\" href=\"https:\/\/ecolesaintetherese-sodt.fr\/index.php\/2023\/12\/22\/au-revoir-lamerique\/\">Au revoir l&rsquo;Am\u00e9rique!<\/a><time datetime=\"2023-12-22T12:24:19+01:00\" class=\"wp-block-latest-posts__post-date\">22 d\u00e9cembre 2023<\/time><div class=\"wp-block-latest-posts__post-excerpt\">La deuxi\u00e8me p\u00e9riode touche \u00e0 sa fin. Les \u00e9l\u00e8ves ont d\u00e9couvert le continent am\u00e9ricain au travers de diverses dict\u00e9es sur des monuments d&rsquo;Am\u00e9rique. Ils ont r\u00e9alis\u00e9 des \u0153uvres \u00e0 la mani\u00e8re d&rsquo;Andy Warhol (artiste am\u00e9ricain) dans le cadre de l&rsquo;art visuel. Leur carte du monde commence \u00e0 prendre forme. Encore quelques continents \u00e0 d\u00e9couvrir. Apr\u00e8s les vacances, nous continuerons notre [&hellip;]<\/div><\/li>\n<li><div class=\"wp-block-latest-posts__featured-image alignleft\"><img loading=\"lazy\" decoding=\"async\" width=\"150\" height=\"150\" src=\"https:\/\/ecolesaintetherese-sodt.fr\/wp-content\/uploads\/2023\/12\/20231215_100326-150x150.jpg\" class=\"attachment-thumbnail size-thumbnail wp-post-image\" alt=\"\" style=\"max-width:113px;max-height:113px;\" srcset=\"https:\/\/ecolesaintetherese-sodt.fr\/wp-content\/uploads\/2023\/12\/20231215_100326-150x150.jpg 150w, https:\/\/ecolesaintetherese-sodt.fr\/wp-content\/uploads\/2023\/12\/20231215_100326-300x300.jpg 300w\" sizes=\"auto, (max-width: 150px) 100vw, 150px\" \/><\/div><a class=\"wp-block-latest-posts__post-title\" href=\"https:\/\/ecolesaintetherese-sodt.fr\/index.php\/2023\/12\/22\/bonnes-fetes-de-fin-dannee\/\">Bonnes f\u00eates de fin d&rsquo;ann\u00e9e<\/a><time datetime=\"2023-12-22T12:17:58+01:00\" class=\"wp-block-latest-posts__post-date\">22 d\u00e9cembre 2023<\/time><div class=\"wp-block-latest-posts__post-excerpt\">Les \u00e9l\u00e8ves de la classe de CM vous souhaite de bonnes f\u00eates de fin d&rsquo;ann\u00e9e. Ils sont all\u00e9s porter ce message aux r\u00e9sidents de la MARPA avec la classe des GS-CP ce matin. L&rsquo;occasion de partager les chants du spectacle de No\u00ebl, moment appr\u00e9ci\u00e9 de tous, des r\u00e9sidents comme des enfants.<\/div><\/li>\n<li><div class=\"wp-block-latest-posts__featured-image alignleft\"><img loading=\"lazy\" decoding=\"async\" width=\"150\" height=\"150\" src=\"https:\/\/ecolesaintetherese-sodt.fr\/wp-content\/uploads\/2023\/11\/IMG_20231113_113347-150x150.jpg\" class=\"attachment-thumbnail size-thumbnail wp-post-image\" alt=\"\" style=\"max-width:113px;max-height:113px;\" srcset=\"https:\/\/ecolesaintetherese-sodt.fr\/wp-content\/uploads\/2023\/11\/IMG_20231113_113347-150x150.jpg 150w, https:\/\/ecolesaintetherese-sodt.fr\/wp-content\/uploads\/2023\/11\/IMG_20231113_113347-300x300.jpg 300w\" sizes=\"auto, (max-width: 150px) 100vw, 150px\" \/><\/div><a class=\"wp-block-latest-posts__post-title\" href=\"https:\/\/ecolesaintetherese-sodt.fr\/index.php\/2023\/11\/14\/decouverte-des-musiques-et-instruments-du-monde\/\">D\u00e9couverte des musiques et instruments du monde<\/a><time datetime=\"2023-11-14T15:28:51+01:00\" class=\"wp-block-latest-posts__post-date\">14 novembre 2023<\/time><div class=\"wp-block-latest-posts__post-excerpt\">Plan\u00e8te M\u00f4mes, repr\u00e9sent\u00e9 par Damien Leclercq, a pr\u00e9sent\u00e9 un spectacle \u00e0 tous les enfants de l&rsquo;\u00e9cole Sainte Th\u00e9r\u00e8se autour des musiques du monde et de leurs instruments, des congas de Cuba, des coras du Mali, le lu-sheng de Chine&#8230; Il a fait interagir les enfants qui ont appr\u00e9ci\u00e9 d\u00e9couvrir des \u00e9l\u00e9ments de cultures d&rsquo;autres pays, des instruments de musique et [&hellip;]<\/div><\/li>\n<li><div class=\"wp-block-latest-posts__featured-image alignleft\"><img loading=\"lazy\" decoding=\"async\" width=\"150\" height=\"150\" src=\"https:\/\/ecolesaintetherese-sodt.fr\/wp-content\/uploads\/2024\/03\/20231020_143655-1-150x150.jpg\" class=\"attachment-thumbnail size-thumbnail wp-post-image\" alt=\"\" style=\"max-width:113px;max-height:113px;\" srcset=\"https:\/\/ecolesaintetherese-sodt.fr\/wp-content\/uploads\/2024\/03\/20231020_143655-1-150x150.jpg 150w, https:\/\/ecolesaintetherese-sodt.fr\/wp-content\/uploads\/2024\/03\/20231020_143655-1-300x300.jpg 300w\" sizes=\"auto, (max-width: 150px) 100vw, 150px\" \/><\/div><a class=\"wp-block-latest-posts__post-title\" href=\"https:\/\/ecolesaintetherese-sodt.fr\/index.php\/2023\/11\/06\/elections-pour-le-cme\/\">Elections pour le CME<\/a><time datetime=\"2023-11-06T13:53:27+01:00\" class=\"wp-block-latest-posts__post-date\">6 novembre 2023<\/time><div class=\"wp-block-latest-posts__post-excerpt\">Comme chaque ann\u00e9e, les \u00e9l\u00e8ves de CE2, CM1 et CM2 ont \u00e9lu des conseillers pour si\u00e9ger au Conseil Municipal des enfants de la commune. Lors de cette \u00e9lection, seuls les \u00e9l\u00e8ves de CM peuvent se porter candidat.<\/div><\/li>\n<li><div class=\"wp-block-latest-posts__featured-image alignleft\"><img loading=\"lazy\" decoding=\"async\" width=\"150\" height=\"150\" src=\"https:\/\/ecolesaintetherese-sodt.fr\/wp-content\/uploads\/2023\/10\/IMG_20231017_093655-150x150.jpg\" class=\"attachment-thumbnail size-thumbnail wp-post-image\" alt=\"\" style=\"max-width:113px;max-height:113px;\" srcset=\"https:\/\/ecolesaintetherese-sodt.fr\/wp-content\/uploads\/2023\/10\/IMG_20231017_093655-150x150.jpg 150w, https:\/\/ecolesaintetherese-sodt.fr\/wp-content\/uploads\/2023\/10\/IMG_20231017_093655-300x300.jpg 300w\" sizes=\"auto, (max-width: 150px) 100vw, 150px\" \/><\/div><a class=\"wp-block-latest-posts__post-title\" href=\"https:\/\/ecolesaintetherese-sodt.fr\/index.php\/2023\/10\/17\/operation-pressage-de-pommes-2\/\">Op\u00e9ration pressage de pommes<\/a><time datetime=\"2023-10-17T17:51:03+02:00\" class=\"wp-block-latest-posts__post-date\">17 octobre 2023<\/time><div class=\"wp-block-latest-posts__post-excerpt\">Les \u00e9l\u00e8ves de l&rsquo;\u00e9cole Sainte Th\u00e9r\u00e8se ont maintenant pris l&rsquo;habitude de participer au pressage du jus de pomme. Rien de meilleur que de d\u00e9guster du jus de pommes ramass\u00e9es par soi-m\u00eame ! 276 poches de jus de pomme ont \u00e9t\u00e9 ainsi fabriqu\u00e9es. Les maternelles en ont profit\u00e9 pour r\u00e9aliser de la compote de pomme. Merci aux enfants, parents, grands-parents qui [&hellip;]<\/div><\/li>\n<li><div class=\"wp-block-latest-posts__featured-image alignleft\"><img loading=\"lazy\" decoding=\"async\" width=\"150\" height=\"150\" src=\"https:\/\/ecolesaintetherese-sodt.fr\/wp-content\/uploads\/2023\/10\/IMG_20231012_144116-1-150x150.jpg\" class=\"attachment-thumbnail size-thumbnail wp-post-image\" alt=\"\" style=\"max-width:113px;max-height:113px;\" srcset=\"https:\/\/ecolesaintetherese-sodt.fr\/wp-content\/uploads\/2023\/10\/IMG_20231012_144116-1-150x150.jpg 150w, https:\/\/ecolesaintetherese-sodt.fr\/wp-content\/uploads\/2023\/10\/IMG_20231012_144116-1-300x300.jpg 300w\" sizes=\"auto, (max-width: 150px) 100vw, 150px\" \/><\/div><a class=\"wp-block-latest-posts__post-title\" href=\"https:\/\/ecolesaintetherese-sodt.fr\/index.php\/2023\/10\/13\/des-enfants-elus-delegues-de-classe\/\">Des enfants \u00e9lus d\u00e9l\u00e9gu\u00e9s de classe<\/a><time datetime=\"2023-10-13T16:09:09+02:00\" class=\"wp-block-latest-posts__post-date\">13 octobre 2023<\/time><div class=\"wp-block-latest-posts__post-excerpt\">Pour la premi\u00e8re fois \u00e0 l&rsquo;\u00e9cole, \u00e9taient organis\u00e9es des \u00e9lections de d\u00e9l\u00e9gu\u00e9s dans les classes de GS-CP, CE et CM. C&rsquo;\u00e9tait l&rsquo;occasion de (re)voir le vocabulaire et l&rsquo;objectif d&rsquo;une \u00e9lection. Les \u00e9l\u00e8ves candidats ont pr\u00e9sent\u00e9 leurs id\u00e9es devant leurs camarades de classe. Munis de leur carte d&rsquo;\u00e9lecteur, ils se sont rendus dans l&rsquo;isoloir pour ins\u00e9rer le bulletin dans l&rsquo;enveloppe. Le [&hellip;]<\/div><\/li>\n<li><div class=\"wp-block-latest-posts__featured-image alignleft\"><img loading=\"lazy\" decoding=\"async\" width=\"150\" height=\"150\" src=\"https:\/\/ecolesaintetherese-sodt.fr\/wp-content\/uploads\/2023\/10\/20231010_154703-150x150.jpg\" class=\"attachment-thumbnail size-thumbnail wp-post-image\" alt=\"\" style=\"max-width:113px;max-height:113px;\" srcset=\"https:\/\/ecolesaintetherese-sodt.fr\/wp-content\/uploads\/2023\/10\/20231010_154703-150x150.jpg 150w, https:\/\/ecolesaintetherese-sodt.fr\/wp-content\/uploads\/2023\/10\/20231010_154703-300x300.jpg 300w\" sizes=\"auto, (max-width: 150px) 100vw, 150px\" \/><\/div><a class=\"wp-block-latest-posts__post-title\" href=\"https:\/\/ecolesaintetherese-sodt.fr\/index.php\/2023\/10\/10\/art-destination-loceanie\/\">Art: destination l&rsquo;Oc\u00e9anie<\/a><time datetime=\"2023-10-10T17:23:56+02:00\" class=\"wp-block-latest-posts__post-date\">10 octobre 2023<\/time><div class=\"wp-block-latest-posts__post-excerpt\">En arts visuels, les \u00e9l\u00e8ves ont essay\u00e9 de se mettre dans la peau des aborig\u00e8nes. Ils se sont donc initi\u00e9s \u00e0 cet art sur diff\u00e9rents supports (feuille et feutre puis \u00e9l\u00e9ment naturel et peinture). La technique du pointillisme a \u00e9t\u00e9 utilis\u00e9e. Les \u00e9l\u00e8ves devaient s&rsquo;inspirer de la nature pour peindre sur des \u00e9l\u00e9ments naturels.<\/div><\/li>\n<li><div class=\"wp-block-latest-posts__featured-image alignleft\"><img loading=\"lazy\" decoding=\"async\" width=\"150\" height=\"150\" src=\"https:\/\/ecolesaintetherese-sodt.fr\/wp-content\/uploads\/2023\/10\/20231009_1603171-150x150.jpg\" class=\"attachment-thumbnail size-thumbnail wp-post-image\" alt=\"\" style=\"max-width:113px;max-height:113px;\" srcset=\"https:\/\/ecolesaintetherese-sodt.fr\/wp-content\/uploads\/2023\/10\/20231009_1603171-150x150.jpg 150w, https:\/\/ecolesaintetherese-sodt.fr\/wp-content\/uploads\/2023\/10\/20231009_1603171-300x300.jpg 300w\" sizes=\"auto, (max-width: 150px) 100vw, 150px\" \/><\/div><a class=\"wp-block-latest-posts__post-title\" href=\"https:\/\/ecolesaintetherese-sodt.fr\/index.php\/2023\/10\/10\/nettoyons-leau\/\">Nettoyons l&rsquo;eau<\/a><time datetime=\"2023-10-10T09:50:34+02:00\" class=\"wp-block-latest-posts__post-date\">10 octobre 2023<\/time><div class=\"wp-block-latest-posts__post-excerpt\">Apr\u00e8s \u00ab\u00a0nettoyons la nature\u00a0\u00bb, les \u00e9l\u00e8ves de CM ont essay\u00e9 de nettoyer l&rsquo;eau. Ils ont compar\u00e9 diff\u00e9rentes eaux (sales et propres) puis ont test\u00e9 diff\u00e9rentes m\u00e9thodes pour filtrer l&rsquo;eau. Apr\u00e8s une pr\u00e9sentation vid\u00e9o d&rsquo;une station d&rsquo;\u00e9puration, ils ont pu monter la leur. Les essais ont \u00e9t\u00e9 plus ou moins fructueux mais dans l&rsquo;ensemble les eaux sont ressorties plus propres. (mais [&hellip;]<\/div><\/li>\n<li><div class=\"wp-block-latest-posts__featured-image alignleft\"><img loading=\"lazy\" decoding=\"async\" width=\"150\" height=\"150\" src=\"https:\/\/ecolesaintetherese-sodt.fr\/wp-content\/uploads\/2023\/09\/20230918_1345511-150x150.jpg\" class=\"attachment-thumbnail size-thumbnail wp-post-image\" alt=\"\" style=\"max-width:113px;max-height:113px;\" srcset=\"https:\/\/ecolesaintetherese-sodt.fr\/wp-content\/uploads\/2023\/09\/20230918_1345511-150x150.jpg 150w, https:\/\/ecolesaintetherese-sodt.fr\/wp-content\/uploads\/2023\/09\/20230918_1345511-300x300.jpg 300w\" sizes=\"auto, (max-width: 150px) 100vw, 150px\" \/><\/div><a class=\"wp-block-latest-posts__post-title\" href=\"https:\/\/ecolesaintetherese-sodt.fr\/index.php\/2023\/10\/05\/reunion-de-rentree-bienvenue-a-bord\/\">R\u00e9union de rentr\u00e9e : Bienvenue \u00e0 bord<\/a><time datetime=\"2023-10-05T09:06:18+02:00\" class=\"wp-block-latest-posts__post-date\">5 octobre 2023<\/time><div class=\"wp-block-latest-posts__post-excerpt\">Mardi 26 septembre a eu lieu la r\u00e9union de rentr\u00e9e des CM. R\u00e9union pr\u00e9par\u00e9e avec l&rsquo;aide des \u00e9l\u00e8ves. Ce projet a \u00e9t\u00e9 tr\u00e8s appr\u00e9ci\u00e9 des enfants. Ils se sont pris au jeu et ont m\u00eame fabriqu\u00e9 des d\u00e9cors pour leurs vid\u00e9os. Ce projet leur a permis de travailler en groupe, de travailler l&rsquo;art visuel, le fran\u00e7ais et de mieux comprendre [&hellip;]<\/div><\/li>\n<li><div class=\"wp-block-latest-posts__featured-image alignleft\"><img loading=\"lazy\" decoding=\"async\" width=\"150\" height=\"150\" src=\"https:\/\/ecolesaintetherese-sodt.fr\/wp-content\/uploads\/2023\/09\/20230922_0912581-150x150.jpg\" class=\"attachment-thumbnail size-thumbnail wp-post-image\" alt=\"\" style=\"max-width:113px;max-height:113px;\" srcset=\"https:\/\/ecolesaintetherese-sodt.fr\/wp-content\/uploads\/2023\/09\/20230922_0912581-150x150.jpg 150w, https:\/\/ecolesaintetherese-sodt.fr\/wp-content\/uploads\/2023\/09\/20230922_0912581-300x300.jpg 300w\" sizes=\"auto, (max-width: 150px) 100vw, 150px\" \/><\/div><a class=\"wp-block-latest-posts__post-title\" href=\"https:\/\/ecolesaintetherese-sodt.fr\/index.php\/2023\/09\/22\/nettoyons-la-nature\/\">Nettoyons la nature!<\/a><time datetime=\"2023-09-22T13:39:41+02:00\" class=\"wp-block-latest-posts__post-date\">22 septembre 2023<\/time><div class=\"wp-block-latest-posts__post-excerpt\">Ce vendredi 22 septembre, les \u00e9l\u00e8ves de la classe de CM sont partis nettoyer la nature. Une op\u00e9ration \u00e0 laquelle nous participons depuis quelques ann\u00e9es d\u00e9j\u00e0. Les \u00e9l\u00e8ves ont ramass\u00e9 4 kg de d\u00e9chets. Cette petite balade permet aux \u00e9l\u00e8ves de participer d\u00e8s leur plus jeune \u00e2ge \u00e0 une action civique et \u00e9cologique au coeur de leur village. Merci aux [&hellip;]<\/div><\/li>\n<li><div class=\"wp-block-latest-posts__featured-image alignleft\"><img loading=\"lazy\" decoding=\"async\" width=\"150\" height=\"150\" src=\"https:\/\/ecolesaintetherese-sodt.fr\/wp-content\/uploads\/2023\/06\/IMG_20230615_100408-1-150x150.jpg\" class=\"attachment-thumbnail size-thumbnail wp-post-image\" alt=\"\" style=\"max-width:113px;max-height:113px;\" srcset=\"https:\/\/ecolesaintetherese-sodt.fr\/wp-content\/uploads\/2023\/06\/IMG_20230615_100408-1-150x150.jpg 150w, https:\/\/ecolesaintetherese-sodt.fr\/wp-content\/uploads\/2023\/06\/IMG_20230615_100408-1-300x300.jpg 300w\" sizes=\"auto, (max-width: 150px) 100vw, 150px\" \/><\/div><a class=\"wp-block-latest-posts__post-title\" href=\"https:\/\/ecolesaintetherese-sodt.fr\/index.php\/2023\/06\/15\/a-la-rencontre-dun-eleveur-de-chevaux\/\">A la rencontre d&rsquo;un \u00e9leveur de chevaux<\/a><time datetime=\"2023-06-15T15:38:25+02:00\" class=\"wp-block-latest-posts__post-date\">15 juin 2023<\/time><div class=\"wp-block-latest-posts__post-excerpt\">Les \u00e9l\u00e8ves de CE CM sont all\u00e9s \u00e0 la rencontre d&rsquo;un \u00e9leveur, entraineur et driver de chevaux. Marine Chalon nous a accueillis dans l&rsquo;\u00e9curie TEJY de St-Ouen des Toits. Les enfants ont pu regarder les trotteurs sur une des pistes d&rsquo;entrainement en fonction de la saison, assister \u00e0 la douche, observer un cheval r\u00e9cup\u00e9rer sur le \u00ab\u00a0tapis de course\u00a0\u00bb apr\u00e8s [&hellip;]<\/div><\/li>\n<li><div class=\"wp-block-latest-posts__featured-image alignleft\"><img loading=\"lazy\" decoding=\"async\" width=\"150\" height=\"150\" src=\"https:\/\/ecolesaintetherese-sodt.fr\/wp-content\/uploads\/2023\/05\/IMG_20230515_152343-150x150.jpg\" class=\"attachment-thumbnail size-thumbnail wp-post-image\" alt=\"\" style=\"max-width:113px;max-height:113px;\" srcset=\"https:\/\/ecolesaintetherese-sodt.fr\/wp-content\/uploads\/2023\/05\/IMG_20230515_152343-150x150.jpg 150w, https:\/\/ecolesaintetherese-sodt.fr\/wp-content\/uploads\/2023\/05\/IMG_20230515_152343-300x300.jpg 300w\" sizes=\"auto, (max-width: 150px) 100vw, 150px\" \/><\/div><a class=\"wp-block-latest-posts__post-title\" href=\"https:\/\/ecolesaintetherese-sodt.fr\/index.php\/2023\/05\/15\/au-temps-des-chateaux-forts\/\">Au temps des ch\u00e2teaux forts<\/a><time datetime=\"2023-05-15T14:15:33+02:00\" class=\"wp-block-latest-posts__post-date\">15 mai 2023<\/time><div class=\"wp-block-latest-posts__post-excerpt\">Tous les enfants de l&rsquo;\u00e9cole primaire ont brav\u00e9 la pluie pour aller \u00e0 la rencontre de Denis Messager, passionn\u00e9 d&rsquo;histoire m\u00e9di\u00e9vale, chez M.et Mme Borja qui proposaient aux enfants d&rsquo;en savoir plus sur l&rsquo;histoire du ch\u00e2teau de St-Ouen-des-Toits d\u00e9moli lors de la guerre de 100 ans. A partir d&rsquo;une reconstitution r\u00e9alis\u00e9e \u00e0 main lev\u00e9e, Monsieur Messager a pu leur indiquer [&hellip;]<\/div><\/li>\n<li><div class=\"wp-block-latest-posts__featured-image alignleft\"><img loading=\"lazy\" decoding=\"async\" width=\"150\" height=\"84\" src=\"https:\/\/ecolesaintetherese-sodt.fr\/wp-content\/uploads\/2023\/05\/20230504_112649-scaled.jpg\" class=\"attachment-thumbnail size-thumbnail wp-post-image\" alt=\"\" style=\"max-width:113px;max-height:113px;\" srcset=\"https:\/\/ecolesaintetherese-sodt.fr\/wp-content\/uploads\/2023\/05\/20230504_112649-scaled.jpg 2560w, https:\/\/ecolesaintetherese-sodt.fr\/wp-content\/uploads\/2023\/05\/20230504_112649-300x169.jpg 300w\" sizes=\"auto, (max-width: 150px) 100vw, 150px\" \/><\/div><a class=\"wp-block-latest-posts__post-title\" href=\"https:\/\/ecolesaintetherese-sodt.fr\/index.php\/2023\/05\/04\/sortie-a-la-mer\/\">Sortie \u00e0 la mer<\/a><time datetime=\"2023-05-04T19:06:06+02:00\" class=\"wp-block-latest-posts__post-date\">4 mai 2023<\/time><div class=\"wp-block-latest-posts__post-excerpt\">Jeudi 4 mai, tous les enfants de MS, GS, CP et CE1 sont arriv\u00e9s de bonne heure et de bonne humeur \u00e0 l\u2019\u00e9cole. Un car les attendait pour les conduire sur le bord de la mer, dans la commune de Saint-Coulomb, sur la C\u00f4te d\u2019Emeraude. Au programme de cette journ\u00e9e pour les CP-CE1&nbsp;: d\u00e9couverte de la diversit\u00e9 des paysages du [&hellip;]<\/div><\/li>\n<li><div class=\"wp-block-latest-posts__featured-image alignleft\"><img loading=\"lazy\" decoding=\"async\" width=\"150\" height=\"150\" src=\"https:\/\/ecolesaintetherese-sodt.fr\/wp-content\/uploads\/2023\/03\/IMG_20230317_152533-150x150.jpg\" class=\"attachment-thumbnail size-thumbnail wp-post-image\" alt=\"\" style=\"max-width:113px;max-height:113px;\" srcset=\"https:\/\/ecolesaintetherese-sodt.fr\/wp-content\/uploads\/2023\/03\/IMG_20230317_152533-150x150.jpg 150w, https:\/\/ecolesaintetherese-sodt.fr\/wp-content\/uploads\/2023\/03\/IMG_20230317_152533-300x300.jpg 300w\" sizes=\"auto, (max-width: 150px) 100vw, 150px\" \/><\/div><a class=\"wp-block-latest-posts__post-title\" href=\"https:\/\/ecolesaintetherese-sodt.fr\/index.php\/2023\/03\/17\/carnaval\/\">Carnaval !<\/a><time datetime=\"2023-03-17T19:35:39+01:00\" class=\"wp-block-latest-posts__post-date\">17 mars 2023<\/time><div class=\"wp-block-latest-posts__post-excerpt\">Carnaval est arriv\u00e9, En voici le d\u00e9fil\u00e9 Princesse en robe de soie Cow-boy sur son cheval de bois&#8230; sorci\u00e8re toujours tr\u00e8s fi\u00e8re&#8230; Ils avaient effectivement fi\u00e8re allure nos enfants des l&rsquo;\u00e9cole Sainte Th\u00e9r\u00e8se : ils ont d\u00e9fil\u00e9 et apport\u00e9 des cr\u00eapes aux r\u00e9sidents de la MARPA. Les enfants de GS-CP sont rest\u00e9s les d\u00e9guster avec eux. Merci aux parents qui [&hellip;]<\/div><\/li>\n<li><div class=\"wp-block-latest-posts__featured-image alignleft\"><img loading=\"lazy\" decoding=\"async\" width=\"150\" height=\"150\" src=\"https:\/\/ecolesaintetherese-sodt.fr\/wp-content\/uploads\/2023\/02\/20230209_094615-1-150x150.jpg\" class=\"attachment-thumbnail size-thumbnail wp-post-image\" alt=\"\" style=\"max-width:113px;max-height:113px;\" srcset=\"https:\/\/ecolesaintetherese-sodt.fr\/wp-content\/uploads\/2023\/02\/20230209_094615-1-150x150.jpg 150w, https:\/\/ecolesaintetherese-sodt.fr\/wp-content\/uploads\/2023\/02\/20230209_094615-1-300x300.jpg 300w\" sizes=\"auto, (max-width: 150px) 100vw, 150px\" \/><\/div><a class=\"wp-block-latest-posts__post-title\" href=\"https:\/\/ecolesaintetherese-sodt.fr\/index.php\/2023\/02\/28\/fabriquons-du-pain\/\">Fabriquons du pain!<\/a><time datetime=\"2023-02-28T17:07:22+01:00\" class=\"wp-block-latest-posts__post-date\">28 f\u00e9vrier 2023<\/time><div class=\"wp-block-latest-posts__post-excerpt\">Avant les vacances, les \u00e9l\u00e8ves de CE1-CM2 ont \u00e9t\u00e9 visiter la boulangerie de Saint-Ouen-des-Toits. Ils ont pu d\u00e9couvrir les coulisses du m\u00e9tier de boulanger et fabriquer leur boule. Tous l&rsquo;ont d\u00e9gust\u00e9e le lendemain.<\/div><\/li>\n<li><div class=\"wp-block-latest-posts__featured-image alignleft\"><img loading=\"lazy\" decoding=\"async\" width=\"150\" height=\"150\" src=\"https:\/\/ecolesaintetherese-sodt.fr\/wp-content\/uploads\/2023\/02\/20230203_102359-150x150.jpg\" class=\"attachment-thumbnail size-thumbnail wp-post-image\" alt=\"\" style=\"max-width:113px;max-height:113px;\" srcset=\"https:\/\/ecolesaintetherese-sodt.fr\/wp-content\/uploads\/2023\/02\/20230203_102359-150x150.jpg 150w, https:\/\/ecolesaintetherese-sodt.fr\/wp-content\/uploads\/2023\/02\/20230203_102359-300x300.jpg 300w\" sizes=\"auto, (max-width: 150px) 100vw, 150px\" \/><\/div><a class=\"wp-block-latest-posts__post-title\" href=\"https:\/\/ecolesaintetherese-sodt.fr\/index.php\/2023\/02\/03\/bibliotheque\/\">Biblioth\u00e8que<\/a><time datetime=\"2023-02-03T12:40:23+01:00\" class=\"wp-block-latest-posts__post-date\">3 f\u00e9vrier 2023<\/time><div class=\"wp-block-latest-posts__post-excerpt\">Tous les ans, les \u00e9l\u00e8ves ont la chance de pouvoir se rendre \u00e0 la biblioth\u00e8que de Saint-Ouen-des-Toits. Les b\u00e9n\u00e9voles qui nous accueillent, proposent des temps de lecture. Aujourd&rsquo;hui, les enfants ont eu le plaisir de d\u00e9couvrir une histoire racont\u00e9e avec un \u00ab\u00a0Raconte-tapis\u00a0\u00bb. Apr\u00e8s ce temps de lecture, ils ont pu emprunter des livres et lire avant de reprendre le chemin [&hellip;]<\/div><\/li>\n<li><div class=\"wp-block-latest-posts__featured-image alignleft\"><img loading=\"lazy\" decoding=\"async\" width=\"150\" height=\"150\" src=\"https:\/\/ecolesaintetherese-sodt.fr\/wp-content\/uploads\/2023\/01\/IMG_20230124_101729-1-150x150.jpg\" class=\"attachment-thumbnail size-thumbnail wp-post-image\" alt=\"\" style=\"max-width:113px;max-height:113px;\" srcset=\"https:\/\/ecolesaintetherese-sodt.fr\/wp-content\/uploads\/2023\/01\/IMG_20230124_101729-1-150x150.jpg 150w, https:\/\/ecolesaintetherese-sodt.fr\/wp-content\/uploads\/2023\/01\/IMG_20230124_101729-1-300x300.jpg 300w\" sizes=\"auto, (max-width: 150px) 100vw, 150px\" \/><\/div><a class=\"wp-block-latest-posts__post-title\" href=\"https:\/\/ecolesaintetherese-sodt.fr\/index.php\/2023\/01\/27\/pizza-de-la-fabrication-a-la-degustation\/\">Pizza : de la fabrication \u00e0 &#8230; la d\u00e9gustation !<\/a><time datetime=\"2023-01-27T14:15:31+01:00\" class=\"wp-block-latest-posts__post-date\">27 janvier 2023<\/time><div class=\"wp-block-latest-posts__post-excerpt\">Dans le cadre de la d\u00e9couverte des m\u00e9tiers, tous les \u00e9l\u00e8ves \u00e9taient invit\u00e9s cette semaine \u00e0 la Pizzeria Del Arte : les enfants ont pu r\u00e9aliser leur propre pizza en y mettant la garniture de leur choix et surtout la d\u00e9guster ! Ils ont regard\u00e9 le pizza\u00efolo d\u00e9couper et peser les p\u00e2tons, \u00e9cout\u00e9 ses explications, 3-4 minutes de cuisson \u00e0 [&hellip;]<\/div><\/li>\n<li><div class=\"wp-block-latest-posts__featured-image alignleft\"><img loading=\"lazy\" decoding=\"async\" width=\"150\" height=\"150\" src=\"https:\/\/ecolesaintetherese-sodt.fr\/wp-content\/uploads\/2023\/01\/IMG_20230109_140006-150x150.jpg\" class=\"attachment-thumbnail size-thumbnail wp-post-image\" alt=\"\" style=\"max-width:113px;max-height:113px;\" srcset=\"https:\/\/ecolesaintetherese-sodt.fr\/wp-content\/uploads\/2023\/01\/IMG_20230109_140006-150x150.jpg 150w, https:\/\/ecolesaintetherese-sodt.fr\/wp-content\/uploads\/2023\/01\/IMG_20230109_140006-300x300.jpg 300w\" sizes=\"auto, (max-width: 150px) 100vw, 150px\" \/><\/div><a class=\"wp-block-latest-posts__post-title\" href=\"https:\/\/ecolesaintetherese-sodt.fr\/index.php\/2023\/01\/23\/initiation-au-basket\/\">Initiation au basket<\/a><time datetime=\"2023-01-23T17:12:38+01:00\" class=\"wp-block-latest-posts__post-date\">23 janvier 2023<\/time><div class=\"wp-block-latest-posts__post-excerpt\">Le Comit\u00e9 D\u00e9partemental du Basket propose des s\u00e9ances d&rsquo;initiation au basket pour les \u00e9l\u00e8ves de CE1 \u00e0 CM2. L&rsquo;occasion de (re)d\u00e9couvrir les r\u00e8gles, l&rsquo;esprit d&rsquo;\u00e9quipe&#8230; Remise des dipl\u00f4mes le lundi 6 f\u00e9vrier. Bravo \u00e0 nos sportifs en herbe et merci \u00e0 Fabien !<\/div><\/li>\n<li><div class=\"wp-block-latest-posts__featured-image alignleft\"><img loading=\"lazy\" decoding=\"async\" width=\"150\" height=\"150\" src=\"https:\/\/ecolesaintetherese-sodt.fr\/wp-content\/uploads\/2023\/01\/20221201_095851-150x150.jpg\" class=\"attachment-thumbnail size-thumbnail wp-post-image\" alt=\"\" style=\"max-width:113px;max-height:113px;\" srcset=\"https:\/\/ecolesaintetherese-sodt.fr\/wp-content\/uploads\/2023\/01\/20221201_095851-150x150.jpg 150w, https:\/\/ecolesaintetherese-sodt.fr\/wp-content\/uploads\/2023\/01\/20221201_095851-300x300.jpg 300w\" sizes=\"auto, (max-width: 150px) 100vw, 150px\" \/><\/div><a class=\"wp-block-latest-posts__post-title\" href=\"https:\/\/ecolesaintetherese-sodt.fr\/index.php\/2023\/01\/05\/tous-a-velo\/\">Tous \u00e0 v\u00e9lo!<\/a><time datetime=\"2023-01-05T12:31:25+01:00\" class=\"wp-block-latest-posts__post-date\">5 janvier 2023<\/time><div class=\"wp-block-latest-posts__post-excerpt\">Les CM2 ont profit\u00e9 de l&rsquo;absence des CE1 (partis \u00e0 la piscine) durant la derni\u00e8re p\u00e9riode pour s&rsquo;initier au v\u00e9lo. \u00ab\u00a0Rouler droit\u00a0\u00bb, \u00ab\u00a0Ralentir, freiner, s&rsquo;arr\u00eater\u00a0\u00bb, \u00ab\u00a0modifier sa trajectoire\u00a0\u00bb et \u00ab\u00a0regarder derri\u00e8re pour indiquer sa direction\u00a0\u00bb ont rythm\u00e9 leurs s\u00e9ances de sport. Si pour certains, cela \u00e9tait un jeu d&rsquo;enfant, ces s\u00e9ances ont permis \u00e0 d&rsquo;autres de gagner en assurance sur [&hellip;]<\/div><\/li>\n<li><div class=\"wp-block-latest-posts__featured-image alignleft\"><img loading=\"lazy\" decoding=\"async\" width=\"150\" height=\"150\" src=\"https:\/\/ecolesaintetherese-sodt.fr\/wp-content\/uploads\/2023\/02\/IMG_20221209_102156-150x150.jpg\" class=\"attachment-thumbnail size-thumbnail wp-post-image\" alt=\"\" style=\"max-width:113px;max-height:113px;\" srcset=\"https:\/\/ecolesaintetherese-sodt.fr\/wp-content\/uploads\/2023\/02\/IMG_20221209_102156-150x150.jpg 150w, https:\/\/ecolesaintetherese-sodt.fr\/wp-content\/uploads\/2023\/02\/IMG_20221209_102156-300x300.jpg 300w\" sizes=\"auto, (max-width: 150px) 100vw, 150px\" \/><\/div><a class=\"wp-block-latest-posts__post-title\" href=\"https:\/\/ecolesaintetherese-sodt.fr\/index.php\/2022\/12\/22\/un-air-de-noel\/\">Un air de No\u00ebl<\/a><time datetime=\"2022-12-22T14:08:00+01:00\" class=\"wp-block-latest-posts__post-date\">22 d\u00e9cembre 2022<\/time><div class=\"wp-block-latest-posts__post-excerpt\">Cela sent bon No\u00ebl&#8230; R\u00e9p\u00e9tition du spectacle de No\u00ebl pour les enfants de l&rsquo;\u00e9cole Sainte-Th\u00e9r\u00e8se puis Spectacle offert par la municipalit\u00e9. Vendredi apr\u00e8s-midi, tous les enfants sont all\u00e9s chanter pour les r\u00e9sidants de la MARPA. Les \u00e9l\u00e8ves de CE2 CM1 avaient \u00e9galement r\u00e9alis\u00e9 une carte de v\u0153ux qu&rsquo;ils ont eu plaisir \u00e0 leur remettre. Un bon moment interg\u00e9n\u00e9rationnel ! Apr\u00e8s-midi [&hellip;]<\/div><\/li>\n<\/ul>","protected":false},"excerpt":{"rendered":"<p>La classe de CM1-CM2 est compos\u00e9e de 20 \u00e9l\u00e8ves. Elle est dirig\u00e9e par Mme Da Silva et Mme Gazzola (le vendredi apr\u00e8s la Toussaint). Le grand axe de cette ann\u00e9e est l&rsquo;apprentissage de l&rsquo;autonomie et l&rsquo;organisation dans le travail. Les \u00e9l\u00e8ves b\u00e9n\u00e9ficient de s\u00e9ances d&rsquo;Anglais anim\u00e9es par Mme Haffray qui, apr\u00e8s avoir v\u00e9cu et enseign\u00e9 plusieurs ann\u00e9es \u00e0 l&rsquo;\u00e9tranger (Australie, [&hellip;]<\/p>\n","protected":false},"author":1,"featured_media":0,"parent":0,"menu_order":0,"comment_status":"closed","ping_status":"closed","template":"","meta":{"footnotes":""},"class_list":["post-105","page","type-page","status-publish","hentry"],"_links":{"self":[{"href":"https:\/\/ecolesaintetherese-sodt.fr\/index.php\/wp-json\/wp\/v2\/pages\/105","targetHints":{"allow":["GET"]}}],"collection":[{"href":"https:\/\/ecolesaintetherese-sodt.fr\/index.php\/wp-json\/wp\/v2\/pages"}],"about":[{"href":"https:\/\/ecolesaintetherese-sodt.fr\/index.php\/wp-json\/wp\/v2\/types\/page"}],"author":[{"embeddable":true,"href":"https:\/\/ecolesaintetherese-sodt.fr\/index.php\/wp-json\/wp\/v2\/users\/1"}],"replies":[{"embeddable":true,"href":"https:\/\/ecolesaintetherese-sodt.fr\/index.php\/wp-json\/wp\/v2\/comments?post=105"}],"version-history":[{"count":21,"href":"https:\/\/ecolesaintetherese-sodt.fr\/index.php\/wp-json\/wp\/v2\/pages\/105\/revisions"}],"predecessor-version":[{"id":7317,"href":"https:\/\/ecolesaintetherese-sodt.fr\/index.php\/wp-json\/wp\/v2\/pages\/105\/revisions\/7317"}],"wp:attachment":[{"href":"https:\/\/ecolesaintetherese-sodt.fr\/index.php\/wp-json\/wp\/v2\/media?parent=105"}],"curies":[{"name":"wp","href":"https:\/\/api.w.org\/{rel}","templated":true}]}}